{"id":2394,"date":"2021-01-19T18:31:00","date_gmt":"2021-01-19T17:31:00","guid":{"rendered":"https:\/\/musiciens-larochelle.com\/?page_id=2394"},"modified":"2024-04-18T08:37:02","modified_gmt":"2024-04-18T06:37:02","slug":"groupes-orchestres-musiciens-la-rochelle","status":"publish","type":"page","link":"https:\/\/musiciens-larochelle.com\/index.php\/groupes-orchestres-musiciens-la-rochelle\/","title":{"rendered":"Archives"},"content":{"rendered":"\n<div class=\"wp-block-group alignfull\"><div class=\"wp-block-group__inner-container is-layout-flow wp-block-group-is-layout-flow\">\n<div class=\"wp-block-group alignfull\"><div class=\"wp-block-group__inner-container is-layout-flow wp-block-group-is-layout-flow\">\n<div class=\"wp-block-group alignfull has-foreground-background-color has-background\"><div class=\"wp-block-group__inner-container is-layout-flow wp-block-group-is-layout-flow\">\n<div style=\"height:7px\" aria-hidden=\"true\" class=\"wp-block-spacer\"><\/div>\n\n\n<style>.kt-blocks-testimonials-wrap2394_775ba9-e3 .kt-svg-testimonial-global-icon{color:#252E36;font-size:15px;border-top-left-radius:102px;border-top-right-radius:102px;border-bottom-right-radius:102px;border-bottom-left-radius:102px;background:#FFFFFF;border-color:rgba(37, 46, 54, 0.58);border-top:1px solid rgba(37, 46, 54, 0.58);border-right:1px solid rgba(37, 46, 54, 0.58);border-bottom:1px solid rgba(37, 46, 54, 0.58);border-left:1px solid rgba(37, 46, 54, 0.58);}.kt-blocks-testimonials-wrap2394_775ba9-e3 .kt-testimonial-rating-wrap .kb-svg-icon-wrap{color:#ffd700;font-size:16px;}.kt-blocks-testimonials-wrap2394_775ba9-e3 .kt-testimonial-grid-wrap{gap:30px;}.kt-blocks-testimonials-wrap2394_775ba9-e3 .kt-blocks-testimonials-inner-wrap .kt-blocks-carousel-init:not(.splide-initialized):not(.tns-slider) .kb-slide-item{display:none;}.kt-blocks-testimonials-wrap2394_775ba9-e3 .kt-blocks-testimonials-inner-wrap .kt-blocks-carousel-init:not(.splide-initialized):not(.tns-slider) .kb-slide-item:nth-child(-n+1){padding-left:30px;display:block;float:left;width:calc(100% \/ 1);}.kt-blocks-testimonials-wrap2394_775ba9-e3 .kt-blocks-testimonials-inner-wrap .kt-blocks-carousel-init:not(.splide-initialized):not(.tns-slider){margin-left:-30px;}.kt-blocks-testimonials-wrap2394_775ba9-e3 .kt-testimonial-item-wrap{padding-top:29px;padding-right:29px;padding-bottom:29px;padding-left:29px;}.kt-blocks-testimonials-wrap2394_775ba9-e3 .kt-testimonial-item-wrap .kt-testimonial-title{color:#FFFFFF;letter-spacing:0.9px;text-transform:capitalize;font-family:Impact, Charcoal, sans-serif;font-style:normal;font-weight:400;}.kt-blocks-testimonials-wrap2394_775ba9-e3 .kt-testimonial-content{color:#FFFFFF;text-transform:capitalize;}.kt-blocks-testimonials-wrap2394_775ba9-e3 .kt-testimonial-name{color:#333333;}.kt-blocks-testimonials-wrap2394_775ba9-e3 .kt-testimonial-occupation{color:#555555;font-size:15px;}.kt-blocks-testimonials-wrap2394_775ba9-e3 .kt-testimonial-item-wrap{max-width:740px;}.kt-blocks-testimonials-wrap2394_775ba9-e3 .kt-testimonial-item-wrap{border-top:1px solid #252E36;border-right:1px solid #252E36;border-bottom:2px solid #252E36;border-left:2px solid #252E36;background:rgba(96, 21, 21, 0);border-top-left-radius:9px;border-top-right-radius:9px;border-bottom-right-radius:9px;border-bottom-left-radius:9px;}.kt-blocks-testimonials-wrap2394_775ba9-e3 .kt-svg-testimonial-global-icon svg{display:inline-block;vertical-align:middle;}@media all and (max-width: 1024px){.kt-blocks-testimonials-wrap2394_775ba9-e3 .kt-svg-testimonial-global-icon{border-top:1px solid rgba(37, 46, 54, 0.58);border-right:1px solid rgba(37, 46, 54, 0.58);border-bottom:1px solid rgba(37, 46, 54, 0.58);border-left:1px solid rgba(37, 46, 54, 0.58);}}@media all and (max-width: 1024px){.kt-blocks-testimonials-wrap2394_775ba9-e3 .kt-blocks-testimonials-inner-wrap .kt-blocks-carousel-init:not(.splide-initialized):not(.tns-slider) .kb-slide-item{display:none;}}@media all and (max-width: 1024px){.kt-blocks-testimonials-wrap2394_775ba9-e3 .kt-blocks-testimonials-inner-wrap .kt-blocks-carousel-init:not(.splide-initialized):not(.tns-slider) .kb-slide-item:nth-child(-n+1){padding-left:30px;display:block;float:left;width:calc(100% \/ 1);}}@media all and (max-width: 1024px){.kt-blocks-testimonials-wrap2394_775ba9-e3 .kt-blocks-testimonials-inner-wrap .kt-blocks-carousel-init:not(.splide-initialized):not(.tns-slider){margin-left:-30px;}}@media all and (max-width: 1024px){.kt-blocks-testimonials-wrap2394_775ba9-e3 .kt-testimonial-item-wrap{border-top:1px solid #252E36;border-right:1px solid #252E36;border-bottom:2px solid #252E36;border-left:2px solid #252E36;}}@media all and (max-width: 767px){.kt-blocks-testimonials-wrap2394_775ba9-e3 .kt-svg-testimonial-global-icon{border-top:1px solid rgba(37, 46, 54, 0.58);border-right:1px solid rgba(37, 46, 54, 0.58);border-bottom:1px solid rgba(37, 46, 54, 0.58);border-left:1px solid rgba(37, 46, 54, 0.58);}.kt-blocks-testimonials-wrap2394_775ba9-e3 .kt-blocks-carousel .kt-blocks-testimonial-carousel-item{padding-top:px;padding-bottom:px;margin-top:px;margin-bottom:px;}.kt-blocks-testimonials-wrap2394_775ba9-e3 .kt-blocks-testimonials-inner-wrap .kt-blocks-carousel-init:not(.splide-initialized):not(.tns-slider) .kb-slide-item{display:none;}.kt-blocks-testimonials-wrap2394_775ba9-e3 .kt-blocks-testimonials-inner-wrap .kt-blocks-carousel-init:not(.splide-initialized):not(.tns-slider) .kb-slide-item:nth-child(-n+1){display:block;float:left;width:calc(100% \/ 1);padding-left:30px;}.kt-blocks-testimonials-wrap2394_775ba9-e3 .kt-blocks-testimonials-inner-wrap .kt-blocks-carousel-init:not(.splide-initialized):not(.tns-slider){margin-left:-30px;}.kt-blocks-testimonials-wrap2394_775ba9-e3 .kt-testimonial-item-wrap{border-top:1px solid #252E36;border-right:1px solid #252E36;border-bottom:2px solid #252E36;border-left:2px solid #252E36;}}<\/style><div class=\"kt-blocks-testimonials-wrap2394_775ba9-e3 kt-testimonial-halign-center kt-testimonial-style-basic kt-testimonials-media-off kt-testimonials-icon-on kt-testimonial-columns-1 kt-t-xxl-col-1 kt-t-xl-col-1 kt-t-lg-col-1 kt-t-md-col-1 kt-t-sm-col-1 kt-t-xs-col-1 kt-testimonial-halign-undefined animated fadeIn wp-block-kadence-testimonials\"><div class=\"kt-blocks-testimonials-inner-wrap kt-blocks-carousel kt-carousel-container-dotstyle-dark kt-carousel-container-arrowstyle-whiteondark\"><div class=\"kt-blocks-carousel-init splide kb-gallery-carousel kt-carousel-arrowstyle-whiteondark kt-carousel-dotstyle-dark\" data-columns-xxl=\"1\" data-columns-xl=\"1\" data-columns-md=\"1\" data-columns-sm=\"1\" data-columns-xs=\"1\" data-columns-ss=\"1\" data-slider-anim-speed=\"400\" data-slider-scroll=\"1\" data-slider-type=\"loop\" data-slider-arrows=\"true\" data-slider-dots=\"true\" data-slider-hover-pause=\"false\" data-slider-auto=\"\" data-slider-speed=\"7000\" data-slider-gap=\"30px\" data-slider-gap-tablet=\"30px\" data-slider-gap-mobile=\"30px\" data-show-pause-button=\"false\"><div class=\"splide__track\"><ul class=\"splide__list\">\n<li class=\"kt-blocks-testimonial-carousel-item kb-slide-item splide__slide\"><div class=\"kt-testimonial-item-wrap kt-testimonial-item-2394_c69ef0-e4 wp-block-kadence-testimonial\"><div class=\"kt-testimonial-text-wrap\"><div class=\"kt-svg-testimonial-global-icon-wrap\"><div class='kt-svg-testimonial-global-icon kt-svg-testimonial-global-icon-icon-fe_volume2'><svg viewBox=\"0 0 24 24\"  fill=\"none\" stroke=\"currentColor\" stroke-width=\"1.5\" stroke-linecap=\"round\" stroke-linejoin=\"round\" xmlns=\"http:\/\/www.w3.org\/2000\/svg\"  aria-hidden=\"true\"><polygon points=\"11 5 6 9 2 9 2 15 6 15 11 19 11 5\"\/><path d=\"M19.07 4.93a10 10 0 0 1 0 14.14M15.54 8.46a5 5 0 0 1 0 7.07\"\/><\/svg><\/div><\/div><div class=\"kt-testimonial-title-wrap\"><h2 class=\"kt-testimonial-title\">Concerts &#8211; Animations<\/h2><\/div><div class=\"kt-testimonial-content-wrap\"><blockquote class=\"kt-testimonial-content\">Quelques-unes de nos derni\u00e8res prestations &#8230;<\/blockquote><\/div><\/div><\/div><\/li>\n<\/ul><\/div><\/div><\/div><\/div><\/div><\/div>\n<\/div><\/div>\n\n\n\n<div style=\"height:36px\" aria-hidden=\"true\" class=\"wp-block-spacer\"><\/div>\n<\/div><\/div>\n\n\n<div class=\"bdpp-wrap bdpp-lite bdpp-post-grid-wrap bdpp-post-data-wrap bdpp-design-1 bdpp-grid-3  bdpp-clearfix\" id=\"bdpp-post-grid-1\">\r\n\t<div class=\"bdpp-post-grid-inr-wrap bdpp-post-data-inr-wrap bdpp-clearfix\"><div class=\"bdpp-post-grid bdpp-col-3 bdpp-columns bdpp-post-13114 bdpp-post-standard bdpp-first bdpp-has-thumb\">\r\n\t<div class=\"bdpp-post-grid-content\">\r\n\t\t\t\t<div class=\"bdpp-post-img-bg\">\r\n\t\t\t<a href=\"https:\/\/musiciens-larochelle.com\/index.php\/2023\/09\/07\/saison-ete-2023\/\">\r\n\t\t\t\t<img decoding=\"async\" src=\"https:\/\/musiciens-larochelle.com\/wp-content\/uploads\/2023\/09\/362233029_222658630745788_7115011962474301060_n.jpg\" class=\"bdpp-img bdpp-post-feat-img\" alt=\"Saison \u00e9t\u00e9 2023\" \/>\r\n\t\t\t\t\t\t\t<\/a>\r\n\t\t<\/div>\r\n\t\t\t\t<div class=\"bdpp-post-cats\"><a class=\"bdpp-post-cat-link bdpp-post-cat-25 bdpp-post-cat-archives\" href=\"https:\/\/musiciens-larochelle.com\/index.php\/category\/archives\/\">Archives<\/a><\/div>\r\n\t\t\r\n\t\t<h2 class=\"bdpp-post-title\">\r\n\t\t\t<a href=\"https:\/\/musiciens-larochelle.com\/index.php\/2023\/09\/07\/saison-ete-2023\/\">Saison \u00e9t\u00e9 2023<\/a>\r\n\t\t<\/h2>\r\n\r\n\t\t\t\t<div class=\"bdpp-post-meta bdpp-post-meta-up\">\r\n\t\t\t<span class=\"bdpp-post-meta-data bdpp-post-author\"><i class=\"fa fa-user\"><\/i>4973cb<\/span><span class=\"bdpp-post-meta-sep\"> &ndash; <\/span><span class=\"bdpp-post-meta-data bdpp-post-date\"><i class=\"fa fa-clock-o\"><\/i>7 septembre 2023<\/span>\t\t<\/div>\r\n\t\t\t\t<div class=\"bdpp-post-content\">\r\n\t\t\t<div class=\"bdpp-post-desc\">Les dates de l&#39;\u00e9t\u00e9 ...<\/div>\r\n\t\t\t\t\t\t<a href=\"https:\/\/musiciens-larochelle.com\/index.php\/2023\/09\/07\/saison-ete-2023\/\" class=\"bdpp-rdmr-btn\">Lire la suite<\/a>\r\n\t\t\t\t\t<\/div>\r\n\t\t\t\t<div class=\"bdpp-post-meta bdpp-post-meta-down\"><span class=\"bdpp-post-meta-data bdpp-post-tags\"><i class=\"fa fa fa-tags\"><\/i><a class=\"bdpp-post-cat-link bdpp-post-cat-13 bdpp-post-cat-la-rochelle\" href=\"https:\/\/musiciens-larochelle.com\/index.php\/tag\/la-rochelle\/\">La Rochelle<\/a><\/span><\/div>\r\n\t\t\t<\/div>\r\n<\/div><div class=\"bdpp-post-grid bdpp-col-3 bdpp-columns bdpp-post-13060 bdpp-post-standard bdpp-has-thumb\">\r\n\t<div class=\"bdpp-post-grid-content\">\r\n\t\t\t\t<div class=\"bdpp-post-img-bg\">\r\n\t\t\t<a href=\"https:\/\/musiciens-larochelle.com\/index.php\/2023\/01\/24\/hiver-2022-2023\/\">\r\n\t\t\t\t<img decoding=\"async\" src=\"https:\/\/musiciens-larochelle.com\/wp-content\/uploads\/2022\/03\/275856874_992809148034142_117819303988097735_n.jpg\" class=\"bdpp-img bdpp-post-feat-img\" alt=\"Hiver 2022-2023\" \/>\r\n\t\t\t\t\t\t\t<\/a>\r\n\t\t<\/div>\r\n\t\t\t\t<div class=\"bdpp-post-cats\"><a class=\"bdpp-post-cat-link bdpp-post-cat-25 bdpp-post-cat-archives\" href=\"https:\/\/musiciens-larochelle.com\/index.php\/category\/archives\/\">Archives<\/a> <a class=\"bdpp-post-cat-link bdpp-post-cat-3 bdpp-post-cat-soiree-dansante-bal\" href=\"https:\/\/musiciens-larochelle.com\/index.php\/category\/soiree-dansante-bal\/\">Soir\u00e9e Dansante - Bal<\/a><\/div>\r\n\t\t\r\n\t\t<h2 class=\"bdpp-post-title\">\r\n\t\t\t<a href=\"https:\/\/musiciens-larochelle.com\/index.php\/2023\/01\/24\/hiver-2022-2023\/\">Hiver 2022-2023<\/a>\r\n\t\t<\/h2>\r\n\r\n\t\t\t\t<div class=\"bdpp-post-meta bdpp-post-meta-up\">\r\n\t\t\t<span class=\"bdpp-post-meta-data bdpp-post-author\"><i class=\"fa fa-user\"><\/i>4973cb<\/span><span class=\"bdpp-post-meta-sep\"> &ndash; <\/span><span class=\"bdpp-post-meta-data bdpp-post-date\"><i class=\"fa fa-clock-o\"><\/i>24 janvier 2023<\/span>\t\t<\/div>\r\n\t\t\t\t<div class=\"bdpp-post-content\">\r\n\t\t\t<div class=\"bdpp-post-desc\">Les dates de l&#39;hiver ...<\/div>\r\n\t\t\t\t\t\t<a href=\"https:\/\/musiciens-larochelle.com\/index.php\/2023\/01\/24\/hiver-2022-2023\/\" class=\"bdpp-rdmr-btn\">Lire la suite<\/a>\r\n\t\t\t\t\t<\/div>\r\n\t\t\t\t<div class=\"bdpp-post-meta bdpp-post-meta-down\"><span class=\"bdpp-post-meta-data bdpp-post-tags\"><i class=\"fa fa fa-tags\"><\/i><a class=\"bdpp-post-cat-link bdpp-post-cat-13 bdpp-post-cat-la-rochelle\" href=\"https:\/\/musiciens-larochelle.com\/index.php\/tag\/la-rochelle\/\">La Rochelle<\/a>, <a class=\"bdpp-post-cat-link bdpp-post-cat-78 bdpp-post-cat-sainte-soulle\" href=\"https:\/\/musiciens-larochelle.com\/index.php\/tag\/sainte-soulle\/\">Sainte-Soulle<\/a><\/span><\/div>\r\n\t\t\t<\/div>\r\n<\/div><div class=\"bdpp-post-grid bdpp-col-3 bdpp-columns bdpp-post-12987 bdpp-post-standard bdpp-has-thumb\">\r\n\t<div class=\"bdpp-post-grid-content\">\r\n\t\t\t\t<div class=\"bdpp-post-img-bg\">\r\n\t\t\t<a href=\"https:\/\/musiciens-larochelle.com\/index.php\/2022\/08\/15\/musiciens-la-rochelle-ete2022\/\">\r\n\t\t\t\t<img decoding=\"async\" src=\"https:\/\/musiciens-larochelle.com\/wp-content\/uploads\/2022\/08\/IMG_20220607_214145.jpg\" class=\"bdpp-img bdpp-post-feat-img\" alt=\"Saison 2022\" \/>\r\n\t\t\t\t\t\t\t<\/a>\r\n\t\t<\/div>\r\n\t\t\t\t<div class=\"bdpp-post-cats\"><a class=\"bdpp-post-cat-link bdpp-post-cat-25 bdpp-post-cat-archives\" href=\"https:\/\/musiciens-larochelle.com\/index.php\/category\/archives\/\">Archives<\/a> <a class=\"bdpp-post-cat-link bdpp-post-cat-3 bdpp-post-cat-soiree-dansante-bal\" href=\"https:\/\/musiciens-larochelle.com\/index.php\/category\/soiree-dansante-bal\/\">Soir\u00e9e Dansante - Bal<\/a><\/div>\r\n\t\t\r\n\t\t<h2 class=\"bdpp-post-title\">\r\n\t\t\t<a href=\"https:\/\/musiciens-larochelle.com\/index.php\/2022\/08\/15\/musiciens-la-rochelle-ete2022\/\">Saison 2022<\/a>\r\n\t\t<\/h2>\r\n\r\n\t\t\t\t<div class=\"bdpp-post-meta bdpp-post-meta-up\">\r\n\t\t\t<span class=\"bdpp-post-meta-data bdpp-post-author\"><i class=\"fa fa-user\"><\/i>4973cb<\/span><span class=\"bdpp-post-meta-sep\"> &ndash; <\/span><span class=\"bdpp-post-meta-data bdpp-post-date\"><i class=\"fa fa-clock-o\"><\/i>15 ao\u00fbt 2022<\/span>\t\t<\/div>\r\n\t\t\t\t<div class=\"bdpp-post-content\">\r\n\t\t\t<div class=\"bdpp-post-desc\">Les dates de l&#39;\u00e9t\u00e9 ...<\/div>\r\n\t\t\t\t\t\t<a href=\"https:\/\/musiciens-larochelle.com\/index.php\/2022\/08\/15\/musiciens-la-rochelle-ete2022\/\" class=\"bdpp-rdmr-btn\">Lire la suite<\/a>\r\n\t\t\t\t\t<\/div>\r\n\t\t\t\t<div class=\"bdpp-post-meta bdpp-post-meta-down\"><span class=\"bdpp-post-meta-data bdpp-post-tags\"><i class=\"fa fa fa-tags\"><\/i><a class=\"bdpp-post-cat-link bdpp-post-cat-13 bdpp-post-cat-la-rochelle\" href=\"https:\/\/musiciens-larochelle.com\/index.php\/tag\/la-rochelle\/\">La Rochelle<\/a>, <a class=\"bdpp-post-cat-link bdpp-post-cat-78 bdpp-post-cat-sainte-soulle\" href=\"https:\/\/musiciens-larochelle.com\/index.php\/tag\/sainte-soulle\/\">Sainte-Soulle<\/a><\/span><\/div>\r\n\t\t\t<\/div>\r\n<\/div><div class=\"bdpp-post-grid bdpp-col-3 bdpp-columns bdpp-post-12975 bdpp-post-standard bdpp-first bdpp-has-thumb\">\r\n\t<div class=\"bdpp-post-grid-content\">\r\n\t\t\t\t<div class=\"bdpp-post-img-bg\">\r\n\t\t\t<a href=\"https:\/\/musiciens-larochelle.com\/index.php\/2022\/06\/04\/tapis-rouge-les-portes-en-re\/\">\r\n\t\t\t\t<img decoding=\"async\" src=\"https:\/\/musiciens-larochelle.com\/wp-content\/uploads\/2022\/06\/IMG_20220604_225833.jpg\" class=\"bdpp-img bdpp-post-feat-img\" alt=\"Tapis Rouge &#8211; Les portes\" \/>\r\n\t\t\t\t\t\t\t<\/a>\r\n\t\t<\/div>\r\n\t\t\t\t<div class=\"bdpp-post-cats\"><a class=\"bdpp-post-cat-link bdpp-post-cat-25 bdpp-post-cat-archives\" href=\"https:\/\/musiciens-larochelle.com\/index.php\/category\/archives\/\">Archives<\/a> <a class=\"bdpp-post-cat-link bdpp-post-cat-3 bdpp-post-cat-soiree-dansante-bal\" href=\"https:\/\/musiciens-larochelle.com\/index.php\/category\/soiree-dansante-bal\/\">Soir\u00e9e Dansante - Bal<\/a><\/div>\r\n\t\t\r\n\t\t<h2 class=\"bdpp-post-title\">\r\n\t\t\t<a href=\"https:\/\/musiciens-larochelle.com\/index.php\/2022\/06\/04\/tapis-rouge-les-portes-en-re\/\">Tapis Rouge &#8211; Les portes<\/a>\r\n\t\t<\/h2>\r\n\r\n\t\t\t\t<div class=\"bdpp-post-meta bdpp-post-meta-up\">\r\n\t\t\t<span class=\"bdpp-post-meta-data bdpp-post-author\"><i class=\"fa fa-user\"><\/i>4973cb<\/span><span class=\"bdpp-post-meta-sep\"> &ndash; <\/span><span class=\"bdpp-post-meta-data bdpp-post-date\"><i class=\"fa fa-clock-o\"><\/i>4 juin 2022<\/span>\t\t<\/div>\r\n\t\t\t\t<div class=\"bdpp-post-content\">\r\n\t\t\t<div class=\"bdpp-post-desc\">F\u00eate de la Saint Jean<\/div>\r\n\t\t\t\t\t\t<a href=\"https:\/\/musiciens-larochelle.com\/index.php\/2022\/06\/04\/tapis-rouge-les-portes-en-re\/\" class=\"bdpp-rdmr-btn\">Lire la suite<\/a>\r\n\t\t\t\t\t<\/div>\r\n\t\t\t\t<div class=\"bdpp-post-meta bdpp-post-meta-down\"><span class=\"bdpp-post-meta-data bdpp-post-tags\"><i class=\"fa fa fa-tags\"><\/i><a class=\"bdpp-post-cat-link bdpp-post-cat-13 bdpp-post-cat-la-rochelle\" href=\"https:\/\/musiciens-larochelle.com\/index.php\/tag\/la-rochelle\/\">La Rochelle<\/a>, <a class=\"bdpp-post-cat-link bdpp-post-cat-78 bdpp-post-cat-sainte-soulle\" href=\"https:\/\/musiciens-larochelle.com\/index.php\/tag\/sainte-soulle\/\">Sainte-Soulle<\/a><\/span><\/div>\r\n\t\t\t<\/div>\r\n<\/div><div class=\"bdpp-post-grid bdpp-col-3 bdpp-columns bdpp-post-3019 bdpp-post-standard bdpp-has-thumb\">\r\n\t<div class=\"bdpp-post-grid-content\">\r\n\t\t\t\t<div class=\"bdpp-post-img-bg\">\r\n\t\t\t<a href=\"https:\/\/musiciens-larochelle.com\/index.php\/2022\/03\/19\/orchestre-de-bal-la-rochelle\/\">\r\n\t\t\t\t<img decoding=\"async\" src=\"https:\/\/musiciens-larochelle.com\/wp-content\/uploads\/2020\/01\/619fc6605e3b2_french-tech-3-5519507.webp\" class=\"bdpp-img bdpp-post-feat-img\" alt=\"Tapis Rouge &#8211; La Rochelle\" \/>\r\n\t\t\t\t\t\t\t<\/a>\r\n\t\t<\/div>\r\n\t\t\t\t<div class=\"bdpp-post-cats\"><a class=\"bdpp-post-cat-link bdpp-post-cat-25 bdpp-post-cat-archives\" href=\"https:\/\/musiciens-larochelle.com\/index.php\/category\/archives\/\">Archives<\/a> <a class=\"bdpp-post-cat-link bdpp-post-cat-3 bdpp-post-cat-soiree-dansante-bal\" href=\"https:\/\/musiciens-larochelle.com\/index.php\/category\/soiree-dansante-bal\/\">Soir\u00e9e Dansante - Bal<\/a> <a class=\"bdpp-post-cat-link bdpp-post-cat-4 bdpp-post-cat-tapis-rouge\" href=\"https:\/\/musiciens-larochelle.com\/index.php\/category\/tapis-rouge\/\">Tapis Rouge<\/a><\/div>\r\n\t\t\r\n\t\t<h2 class=\"bdpp-post-title\">\r\n\t\t\t<a href=\"https:\/\/musiciens-larochelle.com\/index.php\/2022\/03\/19\/orchestre-de-bal-la-rochelle\/\">Tapis Rouge &#8211; La Rochelle<\/a>\r\n\t\t<\/h2>\r\n\r\n\t\t\t\t<div class=\"bdpp-post-meta bdpp-post-meta-up\">\r\n\t\t\t<span class=\"bdpp-post-meta-data bdpp-post-author\"><i class=\"fa fa-user\"><\/i>4973cb<\/span><span class=\"bdpp-post-meta-sep\"> &ndash; <\/span><span class=\"bdpp-post-meta-data bdpp-post-date\"><i class=\"fa fa-clock-o\"><\/i>19 mars 2022<\/span>\t\t<\/div>\r\n\t\t\t\t<div class=\"bdpp-post-content\">\r\n\t\t\t<div class=\"bdpp-post-desc\">Espace Encan La Rochelle \u2013 Orchestre Tapis RougeSoir\u00e9e des b\u00e9n\u00e9voles du Marathon L&#39;orchestre Tapis Rouge \u00e0 La Rochelle ( Espace...<\/div>\r\n\t\t\t\t\t\t<a href=\"https:\/\/musiciens-larochelle.com\/index.php\/2022\/03\/19\/orchestre-de-bal-la-rochelle\/\" class=\"bdpp-rdmr-btn\">Lire la suite<\/a>\r\n\t\t\t\t\t<\/div>\r\n\t\t\t\t<div class=\"bdpp-post-meta bdpp-post-meta-down\"><span class=\"bdpp-post-meta-data bdpp-post-tags\"><i class=\"fa fa fa-tags\"><\/i><a class=\"bdpp-post-cat-link bdpp-post-cat-49 bdpp-post-cat-espace-encan\" href=\"https:\/\/musiciens-larochelle.com\/index.php\/tag\/espace-encan\/\">Espace encan<\/a>, <a class=\"bdpp-post-cat-link bdpp-post-cat-13 bdpp-post-cat-la-rochelle\" href=\"https:\/\/musiciens-larochelle.com\/index.php\/tag\/la-rochelle\/\">La Rochelle<\/a><\/span><\/div>\r\n\t\t\t<\/div>\r\n<\/div><div class=\"bdpp-post-grid bdpp-col-3 bdpp-columns bdpp-post-12937 bdpp-post-standard bdpp-has-thumb\">\r\n\t<div class=\"bdpp-post-grid-content\">\r\n\t\t\t\t<div class=\"bdpp-post-img-bg\">\r\n\t\t\t<a href=\"https:\/\/musiciens-larochelle.com\/index.php\/2022\/03\/18\/mister-j-musiciens-rochefort\/\">\r\n\t\t\t\t<img decoding=\"async\" src=\"https:\/\/musiciens-larochelle.com\/wp-content\/uploads\/2022\/03\/275856874_992809148034142_117819303988097735_n.jpg\" class=\"bdpp-img bdpp-post-feat-img\" alt=\"Mister J &#8211; La Cervoiserie\" \/>\r\n\t\t\t\t\t\t\t<\/a>\r\n\t\t<\/div>\r\n\t\t\t\t<div class=\"bdpp-post-cats\"><a class=\"bdpp-post-cat-link bdpp-post-cat-25 bdpp-post-cat-archives\" href=\"https:\/\/musiciens-larochelle.com\/index.php\/category\/archives\/\">Archives<\/a> <a class=\"bdpp-post-cat-link bdpp-post-cat-6 bdpp-post-cat-mister-j\" href=\"https:\/\/musiciens-larochelle.com\/index.php\/category\/mister-j\/\">Mister J<\/a><\/div>\r\n\t\t\r\n\t\t<h2 class=\"bdpp-post-title\">\r\n\t\t\t<a href=\"https:\/\/musiciens-larochelle.com\/index.php\/2022\/03\/18\/mister-j-musiciens-rochefort\/\">Mister J &#8211; La Cervoiserie<\/a>\r\n\t\t<\/h2>\r\n\r\n\t\t\t\t<div class=\"bdpp-post-meta bdpp-post-meta-up\">\r\n\t\t\t<span class=\"bdpp-post-meta-data bdpp-post-author\"><i class=\"fa fa-user\"><\/i>4973cb<\/span><span class=\"bdpp-post-meta-sep\"> &ndash; <\/span><span class=\"bdpp-post-meta-data bdpp-post-date\"><i class=\"fa fa-clock-o\"><\/i>18 mars 2022<\/span>\t\t<\/div>\r\n\t\t\t\t<div class=\"bdpp-post-content\">\r\n\t\t\t<div class=\"bdpp-post-desc\">Mister J \u00e0 la Cervoiserie - Rochefort<\/div>\r\n\t\t\t\t\t\t<a href=\"https:\/\/musiciens-larochelle.com\/index.php\/2022\/03\/18\/mister-j-musiciens-rochefort\/\" class=\"bdpp-rdmr-btn\">Lire la suite<\/a>\r\n\t\t\t\t\t<\/div>\r\n\t\t\t\t<div class=\"bdpp-post-meta bdpp-post-meta-down\"><span class=\"bdpp-post-meta-data bdpp-post-tags\"><i class=\"fa fa fa-tags\"><\/i><a class=\"bdpp-post-cat-link bdpp-post-cat-9 bdpp-post-cat-concert\" href=\"https:\/\/musiciens-larochelle.com\/index.php\/tag\/concert\/\">Concert<\/a>, <a class=\"bdpp-post-cat-link bdpp-post-cat-84 bdpp-post-cat-rochefort\" href=\"https:\/\/musiciens-larochelle.com\/index.php\/tag\/rochefort\/\">Rochefort<\/a><\/span><\/div>\r\n\t\t\t<\/div>\r\n<\/div><div class=\"bdpp-post-grid bdpp-col-3 bdpp-columns bdpp-post-9411 bdpp-post-standard bdpp-first bdpp-has-thumb\">\r\n\t<div class=\"bdpp-post-grid-content\">\r\n\t\t\t\t<div class=\"bdpp-post-img-bg\">\r\n\t\t\t<a href=\"https:\/\/musiciens-larochelle.com\/index.php\/2022\/03\/12\/tapis-rouge-perigny\/\">\r\n\t\t\t\t<img decoding=\"async\" src=\"https:\/\/musiciens-larochelle.com\/wp-content\/uploads\/2020\/02\/gabarit-TR.jpg\" class=\"bdpp-img bdpp-post-feat-img\" alt=\"Tapis Rouge &#8211; P\u00e9rigny\" \/>\r\n\t\t\t\t\t\t\t<\/a>\r\n\t\t<\/div>\r\n\t\t\t\t<div class=\"bdpp-post-cats\"><a class=\"bdpp-post-cat-link bdpp-post-cat-25 bdpp-post-cat-archives\" href=\"https:\/\/musiciens-larochelle.com\/index.php\/category\/archives\/\">Archives<\/a> <a class=\"bdpp-post-cat-link bdpp-post-cat-3 bdpp-post-cat-soiree-dansante-bal\" href=\"https:\/\/musiciens-larochelle.com\/index.php\/category\/soiree-dansante-bal\/\">Soir\u00e9e Dansante - Bal<\/a><\/div>\r\n\t\t\r\n\t\t<h2 class=\"bdpp-post-title\">\r\n\t\t\t<a href=\"https:\/\/musiciens-larochelle.com\/index.php\/2022\/03\/12\/tapis-rouge-perigny\/\">Tapis Rouge &#8211; P\u00e9rigny<\/a>\r\n\t\t<\/h2>\r\n\r\n\t\t\t\t<div class=\"bdpp-post-meta bdpp-post-meta-up\">\r\n\t\t\t<span class=\"bdpp-post-meta-data bdpp-post-author\"><i class=\"fa fa-user\"><\/i>4973cb<\/span><span class=\"bdpp-post-meta-sep\"> &ndash; <\/span><span class=\"bdpp-post-meta-data bdpp-post-date\"><i class=\"fa fa-clock-o\"><\/i>12 mars 2022<\/span>\t\t<\/div>\r\n\t\t\t\t<div class=\"bdpp-post-content\">\r\n\t\t\t<div class=\"bdpp-post-desc\">12 mars 2021 Soir\u00e9e dansante avec les musiciens et chanteurs de l&#39;orchestre Tapis RougeOrganisation : Soci\u00e9t\u00e9 des membres de la...<\/div>\r\n\t\t\t\t\t\t<a href=\"https:\/\/musiciens-larochelle.com\/index.php\/2022\/03\/12\/tapis-rouge-perigny\/\" class=\"bdpp-rdmr-btn\">Lire la suite<\/a>\r\n\t\t\t\t\t<\/div>\r\n\t\t\t\t<div class=\"bdpp-post-meta bdpp-post-meta-down\"><span class=\"bdpp-post-meta-data bdpp-post-tags\"><i class=\"fa fa fa-tags\"><\/i><a class=\"bdpp-post-cat-link bdpp-post-cat-13 bdpp-post-cat-la-rochelle\" href=\"https:\/\/musiciens-larochelle.com\/index.php\/tag\/la-rochelle\/\">La Rochelle<\/a>, <a class=\"bdpp-post-cat-link bdpp-post-cat-78 bdpp-post-cat-sainte-soulle\" href=\"https:\/\/musiciens-larochelle.com\/index.php\/tag\/sainte-soulle\/\">Sainte-Soulle<\/a><\/span><\/div>\r\n\t\t\t<\/div>\r\n<\/div><div class=\"bdpp-post-grid bdpp-col-3 bdpp-columns bdpp-post-12790 bdpp-post-standard bdpp-has-thumb\">\r\n\t<div class=\"bdpp-post-grid-content\">\r\n\t\t\t\t<div class=\"bdpp-post-img-bg\">\r\n\t\t\t<a href=\"https:\/\/musiciens-larochelle.com\/index.php\/2022\/01\/28\/mister-j-le-lingot-dart\/\">\r\n\t\t\t\t<img decoding=\"async\" src=\"https:\/\/musiciens-larochelle.com\/wp-content\/uploads\/2020\/08\/MJ-gabarit.jpg\" class=\"bdpp-img bdpp-post-feat-img\" alt=\"Mister J &#8211; Le Lingot d&rsquo;art\" \/>\r\n\t\t\t\t\t\t\t<\/a>\r\n\t\t<\/div>\r\n\t\t\t\t<div class=\"bdpp-post-cats\"><a class=\"bdpp-post-cat-link bdpp-post-cat-25 bdpp-post-cat-archives\" href=\"https:\/\/musiciens-larochelle.com\/index.php\/category\/archives\/\">Archives<\/a> <a class=\"bdpp-post-cat-link bdpp-post-cat-6 bdpp-post-cat-mister-j\" href=\"https:\/\/musiciens-larochelle.com\/index.php\/category\/mister-j\/\">Mister J<\/a><\/div>\r\n\t\t\r\n\t\t<h2 class=\"bdpp-post-title\">\r\n\t\t\t<a href=\"https:\/\/musiciens-larochelle.com\/index.php\/2022\/01\/28\/mister-j-le-lingot-dart\/\">Mister J &#8211; Le Lingot d&rsquo;art<\/a>\r\n\t\t<\/h2>\r\n\r\n\t\t\t\t<div class=\"bdpp-post-meta bdpp-post-meta-up\">\r\n\t\t\t<span class=\"bdpp-post-meta-data bdpp-post-author\"><i class=\"fa fa-user\"><\/i>4973cb<\/span><span class=\"bdpp-post-meta-sep\"> &ndash; <\/span><span class=\"bdpp-post-meta-data bdpp-post-date\"><i class=\"fa fa-clock-o\"><\/i>28 janvier 2022<\/span>\t\t<\/div>\r\n\t\t\t\t<div class=\"bdpp-post-content\">\r\n\t\t\t<div class=\"bdpp-post-desc\">28 janvier 2022 Place Jean Cochon Dupuy17300 RochefortGPS: 45.941738, -0.962307 Mister J - Le lingot d art Rochefort<\/div>\r\n\t\t\t\t\t\t<a href=\"https:\/\/musiciens-larochelle.com\/index.php\/2022\/01\/28\/mister-j-le-lingot-dart\/\" class=\"bdpp-rdmr-btn\">Lire la suite<\/a>\r\n\t\t\t\t\t<\/div>\r\n\t\t\t\t<div class=\"bdpp-post-meta bdpp-post-meta-down\"><span class=\"bdpp-post-meta-data bdpp-post-tags\"><i class=\"fa fa fa-tags\"><\/i><a class=\"bdpp-post-cat-link bdpp-post-cat-9 bdpp-post-cat-concert\" href=\"https:\/\/musiciens-larochelle.com\/index.php\/tag\/concert\/\">Concert<\/a>, <a class=\"bdpp-post-cat-link bdpp-post-cat-84 bdpp-post-cat-rochefort\" href=\"https:\/\/musiciens-larochelle.com\/index.php\/tag\/rochefort\/\">Rochefort<\/a><\/span><\/div>\r\n\t\t\t<\/div>\r\n<\/div><div class=\"bdpp-post-grid bdpp-col-3 bdpp-columns bdpp-post-6566 bdpp-post-standard bdpp-has-thumb\">\r\n\t<div class=\"bdpp-post-grid-content\">\r\n\t\t\t\t<div class=\"bdpp-post-img-bg\">\r\n\t\t\t<a href=\"https:\/\/musiciens-larochelle.com\/index.php\/2021\/11\/07\/tapis-rouge-la-rochelle-3\/\">\r\n\t\t\t\t<img decoding=\"async\" src=\"https:\/\/musiciens-larochelle.com\/wp-content\/uploads\/2020\/02\/gabarit-TR.jpg\" class=\"bdpp-img bdpp-post-feat-img\" alt=\"Tapis Rouge &#8211; La Rochelle\" \/>\r\n\t\t\t\t\t\t\t<\/a>\r\n\t\t<\/div>\r\n\t\t\t\t<div class=\"bdpp-post-cats\"><a class=\"bdpp-post-cat-link bdpp-post-cat-25 bdpp-post-cat-archives\" href=\"https:\/\/musiciens-larochelle.com\/index.php\/category\/archives\/\">Archives<\/a> <a class=\"bdpp-post-cat-link bdpp-post-cat-3 bdpp-post-cat-soiree-dansante-bal\" href=\"https:\/\/musiciens-larochelle.com\/index.php\/category\/soiree-dansante-bal\/\">Soir\u00e9e Dansante - Bal<\/a> <a class=\"bdpp-post-cat-link bdpp-post-cat-4 bdpp-post-cat-tapis-rouge\" href=\"https:\/\/musiciens-larochelle.com\/index.php\/category\/tapis-rouge\/\">Tapis Rouge<\/a><\/div>\r\n\t\t\r\n\t\t<h2 class=\"bdpp-post-title\">\r\n\t\t\t<a href=\"https:\/\/musiciens-larochelle.com\/index.php\/2021\/11\/07\/tapis-rouge-la-rochelle-3\/\">Tapis Rouge &#8211; La Rochelle<\/a>\r\n\t\t<\/h2>\r\n\r\n\t\t\t\t<div class=\"bdpp-post-meta bdpp-post-meta-up\">\r\n\t\t\t<span class=\"bdpp-post-meta-data bdpp-post-author\"><i class=\"fa fa-user\"><\/i>4973cb<\/span><span class=\"bdpp-post-meta-sep\"> &ndash; <\/span><span class=\"bdpp-post-meta-data bdpp-post-date\"><i class=\"fa fa-clock-o\"><\/i>7 novembre 2021<\/span>\t\t<\/div>\r\n\t\t\t\t<div class=\"bdpp-post-content\">\r\n\t\t\t<div class=\"bdpp-post-desc\">H\u00f4tel mercure La Rochelle Soir\u00e9e dansante avec L&#39;Orchestre Tapis Rouge Organisateur : Mairie de La Jarrie H\u00f4tel Mercure La Rochelle...<\/div>\r\n\t\t\t\t\t\t<a href=\"https:\/\/musiciens-larochelle.com\/index.php\/2021\/11\/07\/tapis-rouge-la-rochelle-3\/\" class=\"bdpp-rdmr-btn\">Lire la suite<\/a>\r\n\t\t\t\t\t<\/div>\r\n\t\t\t\t<div class=\"bdpp-post-meta bdpp-post-meta-down\"><span class=\"bdpp-post-meta-data bdpp-post-tags\"><i class=\"fa fa fa-tags\"><\/i><a class=\"bdpp-post-cat-link bdpp-post-cat-80 bdpp-post-cat-hotel-mercure\" href=\"https:\/\/musiciens-larochelle.com\/index.php\/tag\/hotel-mercure\/\">Hotel mercure<\/a>, <a class=\"bdpp-post-cat-link bdpp-post-cat-13 bdpp-post-cat-la-rochelle\" href=\"https:\/\/musiciens-larochelle.com\/index.php\/tag\/la-rochelle\/\">La Rochelle<\/a><\/span><\/div>\r\n\t\t\t<\/div>\r\n<\/div><div class=\"bdpp-post-grid bdpp-col-3 bdpp-columns bdpp-post-2539 bdpp-post-standard bdpp-first bdpp-has-thumb\">\r\n\t<div class=\"bdpp-post-grid-content\">\r\n\t\t\t\t<div class=\"bdpp-post-img-bg\">\r\n\t\t\t<a href=\"https:\/\/musiciens-larochelle.com\/index.php\/2021\/10\/09\/orchestre-bal-la-rochelle-saintes-rochefort\/\">\r\n\t\t\t\t<img decoding=\"async\" src=\"https:\/\/musiciens-larochelle.com\/wp-content\/uploads\/2020\/02\/gabarit-TR.jpg\" class=\"bdpp-img bdpp-post-feat-img\" alt=\"Tapis Rouge &#8211; Dompierre\" \/>\r\n\t\t\t\t\t\t\t<\/a>\r\n\t\t<\/div>\r\n\t\t\t\t<div class=\"bdpp-post-cats\"><a class=\"bdpp-post-cat-link bdpp-post-cat-25 bdpp-post-cat-archives\" href=\"https:\/\/musiciens-larochelle.com\/index.php\/category\/archives\/\">Archives<\/a> <a class=\"bdpp-post-cat-link bdpp-post-cat-3 bdpp-post-cat-soiree-dansante-bal\" href=\"https:\/\/musiciens-larochelle.com\/index.php\/category\/soiree-dansante-bal\/\">Soir\u00e9e Dansante - Bal<\/a> <a class=\"bdpp-post-cat-link bdpp-post-cat-4 bdpp-post-cat-tapis-rouge\" href=\"https:\/\/musiciens-larochelle.com\/index.php\/category\/tapis-rouge\/\">Tapis Rouge<\/a><\/div>\r\n\t\t\r\n\t\t<h2 class=\"bdpp-post-title\">\r\n\t\t\t<a href=\"https:\/\/musiciens-larochelle.com\/index.php\/2021\/10\/09\/orchestre-bal-la-rochelle-saintes-rochefort\/\">Tapis Rouge &#8211; Dompierre<\/a>\r\n\t\t<\/h2>\r\n\r\n\t\t\t\t<div class=\"bdpp-post-meta bdpp-post-meta-up\">\r\n\t\t\t<span class=\"bdpp-post-meta-data bdpp-post-author\"><i class=\"fa fa-user\"><\/i>4973cb<\/span><span class=\"bdpp-post-meta-sep\"> &ndash; <\/span><span class=\"bdpp-post-meta-data bdpp-post-date\"><i class=\"fa fa-clock-o\"><\/i>9 octobre 2021<\/span>\t\t<\/div>\r\n\t\t\t\t<div class=\"bdpp-post-content\">\r\n\t\t\t<div class=\"bdpp-post-desc\">D\u00e8s maintenant, toute l\u2019\u00e9quipe se tourne vers la 28e \u00e9dition qui aura lieu les 9 et 10 octobre 2021. Le...<\/div>\r\n\t\t\t\t\t\t<a href=\"https:\/\/musiciens-larochelle.com\/index.php\/2021\/10\/09\/orchestre-bal-la-rochelle-saintes-rochefort\/\" class=\"bdpp-rdmr-btn\">Lire la suite<\/a>\r\n\t\t\t\t\t<\/div>\r\n\t\t\t\t<div class=\"bdpp-post-meta bdpp-post-meta-down\"><span class=\"bdpp-post-meta-data bdpp-post-tags\"><i class=\"fa fa fa-tags\"><\/i><a class=\"bdpp-post-cat-link bdpp-post-cat-43 bdpp-post-cat-dompierre-sur-mer\" href=\"https:\/\/musiciens-larochelle.com\/index.php\/tag\/dompierre-sur-mer\/\">Dompierre sur mer<\/a><\/span><\/div>\r\n\t\t\t<\/div>\r\n<\/div><div class=\"bdpp-post-grid bdpp-col-3 bdpp-columns bdpp-post-6562 bdpp-post-standard bdpp-has-thumb\">\r\n\t<div class=\"bdpp-post-grid-content\">\r\n\t\t\t\t<div class=\"bdpp-post-img-bg\">\r\n\t\t\t<a href=\"https:\/\/musiciens-larochelle.com\/index.php\/2021\/10\/02\/concert-rock-parthenay\/\">\r\n\t\t\t\t<img decoding=\"async\" src=\"https:\/\/musiciens-larochelle.com\/wp-content\/uploads\/2019\/07\/logo-groove-2020-cadre.jpg\" class=\"bdpp-img bdpp-post-feat-img\" alt=\"Concert  Rock Parthenay\" \/>\r\n\t\t\t\t\t\t\t<\/a>\r\n\t\t<\/div>\r\n\t\t\t\t<div class=\"bdpp-post-cats\"><a class=\"bdpp-post-cat-link bdpp-post-cat-25 bdpp-post-cat-archives\" href=\"https:\/\/musiciens-larochelle.com\/index.php\/category\/archives\/\">Archives<\/a> <a class=\"bdpp-post-cat-link bdpp-post-cat-2 bdpp-post-cat-concert\" href=\"https:\/\/musiciens-larochelle.com\/index.php\/category\/concert\/\">Concert<\/a> <a class=\"bdpp-post-cat-link bdpp-post-cat-5 bdpp-post-cat-groove-on-the-rock\" href=\"https:\/\/musiciens-larochelle.com\/index.php\/category\/groove-on-the-rock\/\">Groove on the Rock<\/a><\/div>\r\n\t\t\r\n\t\t<h2 class=\"bdpp-post-title\">\r\n\t\t\t<a href=\"https:\/\/musiciens-larochelle.com\/index.php\/2021\/10\/02\/concert-rock-parthenay\/\">Concert  Rock Parthenay<\/a>\r\n\t\t<\/h2>\r\n\r\n\t\t\t\t<div class=\"bdpp-post-meta bdpp-post-meta-up\">\r\n\t\t\t<span class=\"bdpp-post-meta-data bdpp-post-author\"><i class=\"fa fa-user\"><\/i>4973cb<\/span><span class=\"bdpp-post-meta-sep\"> &ndash; <\/span><span class=\"bdpp-post-meta-data bdpp-post-date\"><i class=\"fa fa-clock-o\"><\/i>2 octobre 2021<\/span>\t\t<\/div>\r\n\t\t\t\t<div class=\"bdpp-post-content\">\r\n\t\t\t<div class=\"bdpp-post-desc\">Groove on the Rock (Groupe de rock - La Rochelle) Parthenay - Soir\u00e9e priv\u00e9e Au r\u00e9pertoire :Living loving maid (Led...<\/div>\r\n\t\t\t\t\t\t<a href=\"https:\/\/musiciens-larochelle.com\/index.php\/2021\/10\/02\/concert-rock-parthenay\/\" class=\"bdpp-rdmr-btn\">Lire la suite<\/a>\r\n\t\t\t\t\t<\/div>\r\n\t\t\t\t<div class=\"bdpp-post-meta bdpp-post-meta-down\"><span class=\"bdpp-post-meta-data bdpp-post-tags\"><i class=\"fa fa fa-tags\"><\/i><a class=\"bdpp-post-cat-link bdpp-post-cat-62 bdpp-post-cat-concert-rock\" href=\"https:\/\/musiciens-larochelle.com\/index.php\/tag\/concert-rock\/\">Concert rock<\/a>, <a class=\"bdpp-post-cat-link bdpp-post-cat-79 bdpp-post-cat-parthenay\" href=\"https:\/\/musiciens-larochelle.com\/index.php\/tag\/parthenay\/\">Parthenay<\/a><\/span><\/div>\r\n\t\t\t<\/div>\r\n<\/div><div class=\"bdpp-post-grid bdpp-col-3 bdpp-columns bdpp-post-6560 bdpp-post-standard bdpp-has-thumb\">\r\n\t<div class=\"bdpp-post-grid-content\">\r\n\t\t\t\t<div class=\"bdpp-post-img-bg\">\r\n\t\t\t<a href=\"https:\/\/musiciens-larochelle.com\/index.php\/2021\/09\/24\/mister-j-la-rochelle-2\/\">\r\n\t\t\t\t<img decoding=\"async\" src=\"https:\/\/musiciens-larochelle.com\/wp-content\/uploads\/2020\/08\/MJ-gabarit.jpg\" class=\"bdpp-img bdpp-post-feat-img\" alt=\"Mister J &#8211; La Rochelle\" \/>\r\n\t\t\t\t\t\t\t<\/a>\r\n\t\t<\/div>\r\n\t\t\t\t<div class=\"bdpp-post-cats\"><a class=\"bdpp-post-cat-link bdpp-post-cat-25 bdpp-post-cat-archives\" href=\"https:\/\/musiciens-larochelle.com\/index.php\/category\/archives\/\">Archives<\/a> <a class=\"bdpp-post-cat-link bdpp-post-cat-2 bdpp-post-cat-concert\" href=\"https:\/\/musiciens-larochelle.com\/index.php\/category\/concert\/\">Concert<\/a> <a class=\"bdpp-post-cat-link bdpp-post-cat-6 bdpp-post-cat-mister-j\" href=\"https:\/\/musiciens-larochelle.com\/index.php\/category\/mister-j\/\">Mister J<\/a><\/div>\r\n\t\t\r\n\t\t<h2 class=\"bdpp-post-title\">\r\n\t\t\t<a href=\"https:\/\/musiciens-larochelle.com\/index.php\/2021\/09\/24\/mister-j-la-rochelle-2\/\">Mister J &#8211; La Rochelle<\/a>\r\n\t\t<\/h2>\r\n\r\n\t\t\t\t<div class=\"bdpp-post-meta bdpp-post-meta-up\">\r\n\t\t\t<span class=\"bdpp-post-meta-data bdpp-post-author\"><i class=\"fa fa-user\"><\/i>4973cb<\/span><span class=\"bdpp-post-meta-sep\"> &ndash; <\/span><span class=\"bdpp-post-meta-data bdpp-post-date\"><i class=\"fa fa-clock-o\"><\/i>24 septembre 2021<\/span>\t\t<\/div>\r\n\t\t\t\t<div class=\"bdpp-post-content\">\r\n\t\t\t<div class=\"bdpp-post-desc\">Fusion de la Soci\u00e9t\u00e9 des R\u00e9gates Rochelaises et de l&#39;\u00c9cole de Voile Rochelaise Port des Minimesavec le trio Mister J<\/div>\r\n\t\t\t\t\t\t<a href=\"https:\/\/musiciens-larochelle.com\/index.php\/2021\/09\/24\/mister-j-la-rochelle-2\/\" class=\"bdpp-rdmr-btn\">Lire la suite<\/a>\r\n\t\t\t\t\t<\/div>\r\n\t\t\t\t<div class=\"bdpp-post-meta bdpp-post-meta-down\"><span class=\"bdpp-post-meta-data bdpp-post-tags\"><i class=\"fa fa fa-tags\"><\/i><a class=\"bdpp-post-cat-link bdpp-post-cat-81 bdpp-post-cat-srr-la-rochelle\" href=\"https:\/\/musiciens-larochelle.com\/index.php\/tag\/srr-la-rochelle\/\">SRR - La Rochelle<\/a><\/span><\/div>\r\n\t\t\t<\/div>\r\n<\/div><div class=\"bdpp-post-grid bdpp-col-3 bdpp-columns bdpp-post-2554 bdpp-post-standard bdpp-first bdpp-has-thumb\">\r\n\t<div class=\"bdpp-post-grid-content\">\r\n\t\t\t\t<div class=\"bdpp-post-img-bg\">\r\n\t\t\t<a href=\"https:\/\/musiciens-larochelle.com\/index.php\/2021\/09\/11\/mister-j-la-rochelle\/\">\r\n\t\t\t\t<img decoding=\"async\" src=\"https:\/\/musiciens-larochelle.com\/wp-content\/uploads\/2021\/01\/IMG_20180912_185001.jpg\" class=\"bdpp-img bdpp-post-feat-img\" alt=\"Mister J &#8211; La Rochelle\" \/>\r\n\t\t\t\t\t\t\t<\/a>\r\n\t\t<\/div>\r\n\t\t\t\t<div class=\"bdpp-post-cats\"><a class=\"bdpp-post-cat-link bdpp-post-cat-25 bdpp-post-cat-archives\" href=\"https:\/\/musiciens-larochelle.com\/index.php\/category\/archives\/\">Archives<\/a> <a class=\"bdpp-post-cat-link bdpp-post-cat-2 bdpp-post-cat-concert\" href=\"https:\/\/musiciens-larochelle.com\/index.php\/category\/concert\/\">Concert<\/a> <a class=\"bdpp-post-cat-link bdpp-post-cat-6 bdpp-post-cat-mister-j\" href=\"https:\/\/musiciens-larochelle.com\/index.php\/category\/mister-j\/\">Mister J<\/a><\/div>\r\n\t\t\r\n\t\t<h2 class=\"bdpp-post-title\">\r\n\t\t\t<a href=\"https:\/\/musiciens-larochelle.com\/index.php\/2021\/09\/11\/mister-j-la-rochelle\/\">Mister J &#8211; La Rochelle<\/a>\r\n\t\t<\/h2>\r\n\r\n\t\t\t\t<div class=\"bdpp-post-meta bdpp-post-meta-up\">\r\n\t\t\t<span class=\"bdpp-post-meta-data bdpp-post-author\"><i class=\"fa fa-user\"><\/i>4973cb<\/span><span class=\"bdpp-post-meta-sep\"> &ndash; <\/span><span class=\"bdpp-post-meta-data bdpp-post-date\"><i class=\"fa fa-clock-o\"><\/i>11 septembre 2021<\/span>\t\t<\/div>\r\n\t\t\t\t<div class=\"bdpp-post-content\">\r\n\t\t\t<div class=\"bdpp-post-desc\">Soir\u00e9e priv\u00e9e sur l&#39;Esp\u00e9rance 1 Vieux Port de La Rochelle L&#39;Esp\u00e9rance 1 - La Rochelle<\/div>\r\n\t\t\t\t\t\t<a href=\"https:\/\/musiciens-larochelle.com\/index.php\/2021\/09\/11\/mister-j-la-rochelle\/\" class=\"bdpp-rdmr-btn\">Lire la suite<\/a>\r\n\t\t\t\t\t<\/div>\r\n\t\t\t\t<div class=\"bdpp-post-meta bdpp-post-meta-down\"><span class=\"bdpp-post-meta-data bdpp-post-tags\"><i class=\"fa fa fa-tags\"><\/i><a class=\"bdpp-post-cat-link bdpp-post-cat-60 bdpp-post-cat-esperance-1\" href=\"https:\/\/musiciens-larochelle.com\/index.php\/tag\/esperance-1\/\">Esperance-1<\/a>, <a class=\"bdpp-post-cat-link bdpp-post-cat-13 bdpp-post-cat-la-rochelle\" href=\"https:\/\/musiciens-larochelle.com\/index.php\/tag\/la-rochelle\/\">La Rochelle<\/a><\/span><\/div>\r\n\t\t\t<\/div>\r\n<\/div><div class=\"bdpp-post-grid bdpp-col-3 bdpp-columns bdpp-post-3211 bdpp-post-standard bdpp-has-thumb\">\r\n\t<div class=\"bdpp-post-grid-content\">\r\n\t\t\t\t<div class=\"bdpp-post-img-bg\">\r\n\t\t\t<a href=\"https:\/\/musiciens-larochelle.com\/index.php\/2021\/08\/28\/concert-rock-bressuire\/\">\r\n\t\t\t\t<img decoding=\"async\" src=\"https:\/\/musiciens-larochelle.com\/wp-content\/uploads\/2019\/07\/logo-groove-2020-cadre.jpg\" class=\"bdpp-img bdpp-post-feat-img\" alt=\"Concert  Rock Bressuire\" \/>\r\n\t\t\t\t\t\t\t<\/a>\r\n\t\t<\/div>\r\n\t\t\t\t<div class=\"bdpp-post-cats\"><a class=\"bdpp-post-cat-link bdpp-post-cat-25 bdpp-post-cat-archives\" href=\"https:\/\/musiciens-larochelle.com\/index.php\/category\/archives\/\">Archives<\/a> <a class=\"bdpp-post-cat-link bdpp-post-cat-2 bdpp-post-cat-concert\" href=\"https:\/\/musiciens-larochelle.com\/index.php\/category\/concert\/\">Concert<\/a> <a class=\"bdpp-post-cat-link bdpp-post-cat-5 bdpp-post-cat-groove-on-the-rock\" href=\"https:\/\/musiciens-larochelle.com\/index.php\/category\/groove-on-the-rock\/\">Groove on the Rock<\/a><\/div>\r\n\t\t\r\n\t\t<h2 class=\"bdpp-post-title\">\r\n\t\t\t<a href=\"https:\/\/musiciens-larochelle.com\/index.php\/2021\/08\/28\/concert-rock-bressuire\/\">Concert  Rock Bressuire<\/a>\r\n\t\t<\/h2>\r\n\r\n\t\t\t\t<div class=\"bdpp-post-meta bdpp-post-meta-up\">\r\n\t\t\t<span class=\"bdpp-post-meta-data bdpp-post-author\"><i class=\"fa fa-user\"><\/i>4973cb<\/span><span class=\"bdpp-post-meta-sep\"> &ndash; <\/span><span class=\"bdpp-post-meta-data bdpp-post-date\"><i class=\"fa fa-clock-o\"><\/i>28 ao\u00fbt 2021<\/span>\t\t<\/div>\r\n\t\t\t\t<div class=\"bdpp-post-content\">\r\n\t\t\t<div class=\"bdpp-post-desc\">Groove on the Rock (La Rochelle)28 ao\u00fbt 2021 - Bressuire -Soir\u00e9e priv\u00e9e Au r\u00e9pertoire :Living loving maid (Led Zep) Black...<\/div>\r\n\t\t\t\t\t\t<a href=\"https:\/\/musiciens-larochelle.com\/index.php\/2021\/08\/28\/concert-rock-bressuire\/\" class=\"bdpp-rdmr-btn\">Lire la suite<\/a>\r\n\t\t\t\t\t<\/div>\r\n\t\t\t\t<div class=\"bdpp-post-meta bdpp-post-meta-down\"><span class=\"bdpp-post-meta-data bdpp-post-tags\"><i class=\"fa fa fa-tags\"><\/i><a class=\"bdpp-post-cat-link bdpp-post-cat-64 bdpp-post-cat-bressuire\" href=\"https:\/\/musiciens-larochelle.com\/index.php\/tag\/bressuire\/\">Bressuire<\/a>, <a class=\"bdpp-post-cat-link bdpp-post-cat-62 bdpp-post-cat-concert-rock\" href=\"https:\/\/musiciens-larochelle.com\/index.php\/tag\/concert-rock\/\">Concert rock<\/a><\/span><\/div>\r\n\t\t\t<\/div>\r\n<\/div><div class=\"bdpp-post-grid bdpp-col-3 bdpp-columns bdpp-post-3082 bdpp-post-standard bdpp-has-thumb\">\r\n\t<div class=\"bdpp-post-grid-content\">\r\n\t\t\t\t<div class=\"bdpp-post-img-bg\">\r\n\t\t\t<a href=\"https:\/\/musiciens-larochelle.com\/index.php\/2021\/08\/06\/groupe-de-rock-la-rochelle-saintes-royan-rochefort\/\">\r\n\t\t\t\t<img decoding=\"async\" src=\"https:\/\/musiciens-larochelle.com\/wp-content\/uploads\/2020\/01\/aigrefeuille.jpg\" class=\"bdpp-img bdpp-post-feat-img\" alt=\"Concert  Rock Aigrefeuille\" \/>\r\n\t\t\t\t\t\t\t<\/a>\r\n\t\t<\/div>\r\n\t\t\t\t<div class=\"bdpp-post-cats\"><a class=\"bdpp-post-cat-link bdpp-post-cat-25 bdpp-post-cat-archives\" href=\"https:\/\/musiciens-larochelle.com\/index.php\/category\/archives\/\">Archives<\/a> <a class=\"bdpp-post-cat-link bdpp-post-cat-2 bdpp-post-cat-concert\" href=\"https:\/\/musiciens-larochelle.com\/index.php\/category\/concert\/\">Concert<\/a> <a class=\"bdpp-post-cat-link bdpp-post-cat-5 bdpp-post-cat-groove-on-the-rock\" href=\"https:\/\/musiciens-larochelle.com\/index.php\/category\/groove-on-the-rock\/\">Groove on the Rock<\/a><\/div>\r\n\t\t\r\n\t\t<h2 class=\"bdpp-post-title\">\r\n\t\t\t<a href=\"https:\/\/musiciens-larochelle.com\/index.php\/2021\/08\/06\/groupe-de-rock-la-rochelle-saintes-royan-rochefort\/\">Concert  Rock Aigrefeuille<\/a>\r\n\t\t<\/h2>\r\n\r\n\t\t\t\t<div class=\"bdpp-post-meta bdpp-post-meta-up\">\r\n\t\t\t<span class=\"bdpp-post-meta-data bdpp-post-author\"><i class=\"fa fa-user\"><\/i>4973cb<\/span><span class=\"bdpp-post-meta-sep\"> &ndash; <\/span><span class=\"bdpp-post-meta-data bdpp-post-date\"><i class=\"fa fa-clock-o\"><\/i>6 ao\u00fbt 2021<\/span>\t\t<\/div>\r\n\t\t\t\t<div class=\"bdpp-post-content\">\r\n\t\t\t<div class=\"bdpp-post-desc\">Groove on the RocK + Cuivres Casting du soir : Bruno Nou\u00e9 : Chant Patrick Bujard : Guitares \/ Chant...<\/div>\r\n\t\t\t\t\t\t<a href=\"https:\/\/musiciens-larochelle.com\/index.php\/2021\/08\/06\/groupe-de-rock-la-rochelle-saintes-royan-rochefort\/\" class=\"bdpp-rdmr-btn\">Lire la suite<\/a>\r\n\t\t\t\t\t<\/div>\r\n\t\t\t\t<div class=\"bdpp-post-meta bdpp-post-meta-down\"><span class=\"bdpp-post-meta-data bdpp-post-tags\"><i class=\"fa fa fa-tags\"><\/i><a class=\"bdpp-post-cat-link bdpp-post-cat-63 bdpp-post-cat-aigrefeuille-daunis\" href=\"https:\/\/musiciens-larochelle.com\/index.php\/tag\/aigrefeuille-daunis\/\">Aigrefeuille d&#039;Aunis<\/a>, <a class=\"bdpp-post-cat-link bdpp-post-cat-62 bdpp-post-cat-concert-rock\" href=\"https:\/\/musiciens-larochelle.com\/index.php\/tag\/concert-rock\/\">Concert rock<\/a>, <a class=\"bdpp-post-cat-link bdpp-post-cat-69 bdpp-post-cat-groupe-de-musique\" href=\"https:\/\/musiciens-larochelle.com\/index.php\/tag\/groupe-de-musique\/\">groupe de musique<\/a><\/span><\/div>\r\n\t\t\t<\/div>\r\n<\/div><div class=\"bdpp-post-grid bdpp-col-3 bdpp-columns bdpp-post-4912 bdpp-post-standard bdpp-first bdpp-has-thumb\">\r\n\t<div class=\"bdpp-post-grid-content\">\r\n\t\t\t\t<div class=\"bdpp-post-img-bg\">\r\n\t\t\t<a href=\"https:\/\/musiciens-larochelle.com\/index.php\/2021\/08\/04\/mister-j-st-clement-des-baleines-2\/\">\r\n\t\t\t\t<img decoding=\"async\" src=\"https:\/\/musiciens-larochelle.com\/wp-content\/uploads\/2020\/08\/MJ-gabarit.jpg\" class=\"bdpp-img bdpp-post-feat-img\" alt=\"Mister J &#8211; St Cl\u00e9ment des Baleines\" \/>\r\n\t\t\t\t\t\t\t<\/a>\r\n\t\t<\/div>\r\n\t\t\t\t<div class=\"bdpp-post-cats\"><a class=\"bdpp-post-cat-link bdpp-post-cat-25 bdpp-post-cat-archives\" href=\"https:\/\/musiciens-larochelle.com\/index.php\/category\/archives\/\">Archives<\/a> <a class=\"bdpp-post-cat-link bdpp-post-cat-6 bdpp-post-cat-mister-j\" href=\"https:\/\/musiciens-larochelle.com\/index.php\/category\/mister-j\/\">Mister J<\/a><\/div>\r\n\t\t\r\n\t\t<h2 class=\"bdpp-post-title\">\r\n\t\t\t<a href=\"https:\/\/musiciens-larochelle.com\/index.php\/2021\/08\/04\/mister-j-st-clement-des-baleines-2\/\">Mister J &#8211; St Cl\u00e9ment des Baleines<\/a>\r\n\t\t<\/h2>\r\n\r\n\t\t\t\t<div class=\"bdpp-post-meta bdpp-post-meta-up\">\r\n\t\t\t<span class=\"bdpp-post-meta-data bdpp-post-author\"><i class=\"fa fa-user\"><\/i>4973cb<\/span><span class=\"bdpp-post-meta-sep\"> &ndash; <\/span><span class=\"bdpp-post-meta-data bdpp-post-date\"><i class=\"fa fa-clock-o\"><\/i>4 ao\u00fbt 2021<\/span>\t\t<\/div>\r\n\t\t\t\t<div class=\"bdpp-post-content\">\r\n\t\t\t<div class=\"bdpp-post-desc\">Village vacances Odesia - Ile de r\u00e9 - Concert au bar4 ao\u00fbt 2021<\/div>\r\n\t\t\t\t\t\t<a href=\"https:\/\/musiciens-larochelle.com\/index.php\/2021\/08\/04\/mister-j-st-clement-des-baleines-2\/\" class=\"bdpp-rdmr-btn\">Lire la suite<\/a>\r\n\t\t\t\t\t<\/div>\r\n\t\t\t\t<div class=\"bdpp-post-meta bdpp-post-meta-down\"><span class=\"bdpp-post-meta-data bdpp-post-tags\"><i class=\"fa fa fa-tags\"><\/i><a class=\"bdpp-post-cat-link bdpp-post-cat-37 bdpp-post-cat-ile-de-re\" href=\"https:\/\/musiciens-larochelle.com\/index.php\/tag\/ile-de-re\/\">Ile de r\u00e9<\/a>, <a class=\"bdpp-post-cat-link bdpp-post-cat-67 bdpp-post-cat-saint-clement-des-baleines\" href=\"https:\/\/musiciens-larochelle.com\/index.php\/tag\/saint-clement-des-baleines\/\">Saint Cl\u00e9ment des Baleines<\/a><\/span><\/div>\r\n\t\t\t<\/div>\r\n<\/div><div class=\"bdpp-post-grid bdpp-col-3 bdpp-columns bdpp-post-3061 bdpp-post-standard bdpp-has-thumb\">\r\n\t<div class=\"bdpp-post-grid-content\">\r\n\t\t\t\t<div class=\"bdpp-post-img-bg\">\r\n\t\t\t<a href=\"https:\/\/musiciens-larochelle.com\/index.php\/2021\/08\/03\/mister-j-vaux-sur-mer\/\">\r\n\t\t\t\t<img decoding=\"async\" src=\"https:\/\/musiciens-larochelle.com\/wp-content\/uploads\/2020\/08\/MJ-gabarit.jpg\" class=\"bdpp-img bdpp-post-feat-img\" alt=\"Mister J &#8211; Vaux-sur-mer\" \/>\r\n\t\t\t\t\t\t\t<\/a>\r\n\t\t<\/div>\r\n\t\t\t\t<div class=\"bdpp-post-cats\"><a class=\"bdpp-post-cat-link bdpp-post-cat-25 bdpp-post-cat-archives\" href=\"https:\/\/musiciens-larochelle.com\/index.php\/category\/archives\/\">Archives<\/a> <a class=\"bdpp-post-cat-link bdpp-post-cat-6 bdpp-post-cat-mister-j\" href=\"https:\/\/musiciens-larochelle.com\/index.php\/category\/mister-j\/\">Mister J<\/a><\/div>\r\n\t\t\r\n\t\t<h2 class=\"bdpp-post-title\">\r\n\t\t\t<a href=\"https:\/\/musiciens-larochelle.com\/index.php\/2021\/08\/03\/mister-j-vaux-sur-mer\/\">Mister J &#8211; Vaux-sur-mer<\/a>\r\n\t\t<\/h2>\r\n\r\n\t\t\t\t<div class=\"bdpp-post-meta bdpp-post-meta-up\">\r\n\t\t\t<span class=\"bdpp-post-meta-data bdpp-post-author\"><i class=\"fa fa-user\"><\/i>4973cb<\/span><span class=\"bdpp-post-meta-sep\"> &ndash; <\/span><span class=\"bdpp-post-meta-data bdpp-post-date\"><i class=\"fa fa-clock-o\"><\/i>3 ao\u00fbt 2021<\/span>\t\t<\/div>\r\n\t\t\t\t<div class=\"bdpp-post-content\">\r\n\t\t\t<div class=\"bdpp-post-desc\">Camping - H\u00f4tel de plein-air Le Valvert \u00e0 Vaux-sur-mer Le groupe Mister J au Valvert -3 ao\u00fbt 2021<\/div>\r\n\t\t\t\t\t\t<a href=\"https:\/\/musiciens-larochelle.com\/index.php\/2021\/08\/03\/mister-j-vaux-sur-mer\/\" class=\"bdpp-rdmr-btn\">Lire la suite<\/a>\r\n\t\t\t\t\t<\/div>\r\n\t\t\t\t<div class=\"bdpp-post-meta bdpp-post-meta-down\"><span class=\"bdpp-post-meta-data bdpp-post-tags\"><i class=\"fa fa fa-tags\"><\/i><a class=\"bdpp-post-cat-link bdpp-post-cat-61 bdpp-post-cat-vaux-sur-mer\" href=\"https:\/\/musiciens-larochelle.com\/index.php\/tag\/vaux-sur-mer\/\">Vaux sur mer<\/a><\/span><\/div>\r\n\t\t\t<\/div>\r\n<\/div><div class=\"bdpp-post-grid bdpp-col-3 bdpp-columns bdpp-post-3220 bdpp-post-standard bdpp-has-thumb\">\r\n\t<div class=\"bdpp-post-grid-content\">\r\n\t\t\t\t<div class=\"bdpp-post-img-bg\">\r\n\t\t\t<a href=\"https:\/\/musiciens-larochelle.com\/index.php\/2021\/08\/01\/mister-j-fressines\/\">\r\n\t\t\t\t<img decoding=\"async\" src=\"https:\/\/musiciens-larochelle.com\/wp-content\/uploads\/2020\/08\/MJ-gabarit.jpg\" class=\"bdpp-img bdpp-post-feat-img\" alt=\"Mister J &#8211; Fressines\" \/>\r\n\t\t\t\t\t\t\t<\/a>\r\n\t\t<\/div>\r\n\t\t\t\t<div class=\"bdpp-post-cats\"><a class=\"bdpp-post-cat-link bdpp-post-cat-25 bdpp-post-cat-archives\" href=\"https:\/\/musiciens-larochelle.com\/index.php\/category\/archives\/\">Archives<\/a> <a class=\"bdpp-post-cat-link bdpp-post-cat-6 bdpp-post-cat-mister-j\" href=\"https:\/\/musiciens-larochelle.com\/index.php\/category\/mister-j\/\">Mister J<\/a><\/div>\r\n\t\t\r\n\t\t<h2 class=\"bdpp-post-title\">\r\n\t\t\t<a href=\"https:\/\/musiciens-larochelle.com\/index.php\/2021\/08\/01\/mister-j-fressines\/\">Mister J &#8211; Fressines<\/a>\r\n\t\t<\/h2>\r\n\r\n\t\t\t\t<div class=\"bdpp-post-meta bdpp-post-meta-up\">\r\n\t\t\t<span class=\"bdpp-post-meta-data bdpp-post-author\"><i class=\"fa fa-user\"><\/i>4973cb<\/span><span class=\"bdpp-post-meta-sep\"> &ndash; <\/span><span class=\"bdpp-post-meta-data bdpp-post-date\"><i class=\"fa fa-clock-o\"><\/i>1 ao\u00fbt 2021<\/span>\t\t<\/div>\r\n\t\t\t\t<div class=\"bdpp-post-content\">\r\n\t\t\t<div class=\"bdpp-post-desc\">Fressines (17) les musiciens du groupe Mister J seront \u00e0 Fressines (79)<\/div>\r\n\t\t\t\t\t\t<a href=\"https:\/\/musiciens-larochelle.com\/index.php\/2021\/08\/01\/mister-j-fressines\/\" class=\"bdpp-rdmr-btn\">Lire la suite<\/a>\r\n\t\t\t\t\t<\/div>\r\n\t\t\t\t<div class=\"bdpp-post-meta bdpp-post-meta-down\"><span class=\"bdpp-post-meta-data bdpp-post-tags\"><i class=\"fa fa fa-tags\"><\/i><a class=\"bdpp-post-cat-link bdpp-post-cat-65 bdpp-post-cat-fressines\" href=\"https:\/\/musiciens-larochelle.com\/index.php\/tag\/fressines\/\">Fressines<\/a><\/span><\/div>\r\n\t\t\t<\/div>\r\n<\/div><div class=\"bdpp-post-grid bdpp-col-3 bdpp-columns bdpp-post-3218 bdpp-post-standard bdpp-first bdpp-has-thumb\">\r\n\t<div class=\"bdpp-post-grid-content\">\r\n\t\t\t\t<div class=\"bdpp-post-img-bg\">\r\n\t\t\t<a href=\"https:\/\/musiciens-larochelle.com\/index.php\/2021\/07\/27\/mister-j-st-clement-des-baleines\/\">\r\n\t\t\t\t<img decoding=\"async\" src=\"https:\/\/musiciens-larochelle.com\/wp-content\/uploads\/2020\/08\/MJ-gabarit.jpg\" class=\"bdpp-img bdpp-post-feat-img\" alt=\"Mister J &#8211; St Cl\u00e9ment des Baleines\" \/>\r\n\t\t\t\t\t\t\t<\/a>\r\n\t\t<\/div>\r\n\t\t\t\t<div class=\"bdpp-post-cats\"><a class=\"bdpp-post-cat-link bdpp-post-cat-25 bdpp-post-cat-archives\" href=\"https:\/\/musiciens-larochelle.com\/index.php\/category\/archives\/\">Archives<\/a> <a class=\"bdpp-post-cat-link bdpp-post-cat-6 bdpp-post-cat-mister-j\" href=\"https:\/\/musiciens-larochelle.com\/index.php\/category\/mister-j\/\">Mister J<\/a><\/div>\r\n\t\t\r\n\t\t<h2 class=\"bdpp-post-title\">\r\n\t\t\t<a href=\"https:\/\/musiciens-larochelle.com\/index.php\/2021\/07\/27\/mister-j-st-clement-des-baleines\/\">Mister J &#8211; St Cl\u00e9ment des Baleines<\/a>\r\n\t\t<\/h2>\r\n\r\n\t\t\t\t<div class=\"bdpp-post-meta bdpp-post-meta-up\">\r\n\t\t\t<span class=\"bdpp-post-meta-data bdpp-post-author\"><i class=\"fa fa-user\"><\/i>4973cb<\/span><span class=\"bdpp-post-meta-sep\"> &ndash; <\/span><span class=\"bdpp-post-meta-data bdpp-post-date\"><i class=\"fa fa-clock-o\"><\/i>27 juillet 2021<\/span>\t\t<\/div>\r\n\t\t\t\t<div class=\"bdpp-post-content\">\r\n\t\t\t<div class=\"bdpp-post-desc\">Village vacances Odesia - Concert au bar27juillet 2021<\/div>\r\n\t\t\t\t\t\t<a href=\"https:\/\/musiciens-larochelle.com\/index.php\/2021\/07\/27\/mister-j-st-clement-des-baleines\/\" class=\"bdpp-rdmr-btn\">Lire la suite<\/a>\r\n\t\t\t\t\t<\/div>\r\n\t\t\t\t<div class=\"bdpp-post-meta bdpp-post-meta-down\"><span class=\"bdpp-post-meta-data bdpp-post-tags\"><i class=\"fa fa fa-tags\"><\/i><a class=\"bdpp-post-cat-link bdpp-post-cat-37 bdpp-post-cat-ile-de-re\" href=\"https:\/\/musiciens-larochelle.com\/index.php\/tag\/ile-de-re\/\">Ile de r\u00e9<\/a>, <a class=\"bdpp-post-cat-link bdpp-post-cat-67 bdpp-post-cat-saint-clement-des-baleines\" href=\"https:\/\/musiciens-larochelle.com\/index.php\/tag\/saint-clement-des-baleines\/\">Saint Cl\u00e9ment des Baleines<\/a><\/span><\/div>\r\n\t\t\t<\/div>\r\n<\/div><div class=\"bdpp-post-grid bdpp-col-3 bdpp-columns bdpp-post-3206 bdpp-post-standard bdpp-has-thumb\">\r\n\t<div class=\"bdpp-post-grid-content\">\r\n\t\t\t\t<div class=\"bdpp-post-img-bg\">\r\n\t\t\t<a href=\"https:\/\/musiciens-larochelle.com\/index.php\/2021\/07\/17\/tapis-rouge-la-rochelle\/\">\r\n\t\t\t\t<img decoding=\"async\" src=\"https:\/\/musiciens-larochelle.com\/wp-content\/uploads\/2020\/02\/gabarit-TR.jpg\" class=\"bdpp-img bdpp-post-feat-img\" alt=\"Tapis Rouge &#8211; Soir\u00e9e priv\u00e9e\" \/>\r\n\t\t\t\t\t\t\t<\/a>\r\n\t\t<\/div>\r\n\t\t\t\t<div class=\"bdpp-post-cats\"><a class=\"bdpp-post-cat-link bdpp-post-cat-25 bdpp-post-cat-archives\" href=\"https:\/\/musiciens-larochelle.com\/index.php\/category\/archives\/\">Archives<\/a> <a class=\"bdpp-post-cat-link bdpp-post-cat-3 bdpp-post-cat-soiree-dansante-bal\" href=\"https:\/\/musiciens-larochelle.com\/index.php\/category\/soiree-dansante-bal\/\">Soir\u00e9e Dansante - Bal<\/a> <a class=\"bdpp-post-cat-link bdpp-post-cat-4 bdpp-post-cat-tapis-rouge\" href=\"https:\/\/musiciens-larochelle.com\/index.php\/category\/tapis-rouge\/\">Tapis Rouge<\/a><\/div>\r\n\t\t\r\n\t\t<h2 class=\"bdpp-post-title\">\r\n\t\t\t<a href=\"https:\/\/musiciens-larochelle.com\/index.php\/2021\/07\/17\/tapis-rouge-la-rochelle\/\">Tapis Rouge &#8211; Soir\u00e9e priv\u00e9e<\/a>\r\n\t\t<\/h2>\r\n\r\n\t\t\t\t<div class=\"bdpp-post-meta bdpp-post-meta-up\">\r\n\t\t\t<span class=\"bdpp-post-meta-data bdpp-post-author\"><i class=\"fa fa-user\"><\/i>4973cb<\/span><span class=\"bdpp-post-meta-sep\"> &ndash; <\/span><span class=\"bdpp-post-meta-data bdpp-post-date\"><i class=\"fa fa-clock-o\"><\/i>17 juillet 2021<\/span>\t\t<\/div>\r\n\t\t\t\t<div class=\"bdpp-post-content\">\r\n\t\t\t<div class=\"bdpp-post-desc\">Saint M\u00e9dard d&#39;AunisSoir\u00e9e priv\u00e9e - Mariage \u00e0 la salle des \u00c9oliennesavec l&#39;orchestre tapis Rouge<\/div>\r\n\t\t\t\t\t\t<a href=\"https:\/\/musiciens-larochelle.com\/index.php\/2021\/07\/17\/tapis-rouge-la-rochelle\/\" class=\"bdpp-rdmr-btn\">Lire la suite<\/a>\r\n\t\t\t\t\t<\/div>\r\n\t\t\t\t<div class=\"bdpp-post-meta bdpp-post-meta-down\"><span class=\"bdpp-post-meta-data bdpp-post-tags\"><i class=\"fa fa fa-tags\"><\/i><a class=\"bdpp-post-cat-link bdpp-post-cat-66 bdpp-post-cat-saint-medard\" href=\"https:\/\/musiciens-larochelle.com\/index.php\/tag\/saint-medard\/\">Saint M\u00e9dard<\/a><\/span><\/div>\r\n\t\t\t<\/div>\r\n<\/div>\t<\/div>\r\n\t\t<div class=\"bdpp-paging bdpp-clearfix\">\r\n\t\t<span aria-current=\"page\" class=\"page-numbers current\">1<\/span>\n<a class=\"page-numbers\" href=\"https:\/\/musiciens-larochelle.com\/index.php\/wp-json\/wp\/v2\/pages\/2394\/page\/2\/\">2<\/a>\n<a class=\"page-numbers\" href=\"https:\/\/musiciens-larochelle.com\/index.php\/wp-json\/wp\/v2\/pages\/2394\/page\/3\/\">3<\/a>\n<a class=\"next page-numbers\" href=\"https:\/\/musiciens-larochelle.com\/index.php\/wp-json\/wp\/v2\/pages\/2394\/page\/2\/\">Suivante \u00bb &raquo;<\/a>\t<\/div>\r\n<\/div>\n\n\n\n<p><\/p>\n","protected":false},"excerpt":{"rendered":"","protected":false},"author":1,"featured_media":0,"parent":0,"menu_order":0,"comment_status":"closed","ping_status":"closed","template":"","meta":{"footnotes":""},"class_list":["post-2394","page","type-page","status-publish","hentry","entry"],"_links":{"self":[{"href":"https:\/\/musiciens-larochelle.com\/index.php\/wp-json\/wp\/v2\/pages\/2394","targetHints":{"allow":["GET"]}}],"collection":[{"href":"https:\/\/musiciens-larochelle.com\/index.php\/wp-json\/wp\/v2\/pages"}],"about":[{"href":"https:\/\/musiciens-larochelle.com\/index.php\/wp-json\/wp\/v2\/types\/page"}],"author":[{"embeddable":true,"href":"https:\/\/musiciens-larochelle.com\/index.php\/wp-json\/wp\/v2\/users\/1"}],"replies":[{"embeddable":true,"href":"https:\/\/musiciens-larochelle.com\/index.php\/wp-json\/wp\/v2\/comments?post=2394"}],"version-history":[{"count":0,"href":"https:\/\/musiciens-larochelle.com\/index.php\/wp-json\/wp\/v2\/pages\/2394\/revisions"}],"wp:attachment":[{"href":"https:\/\/musiciens-larochelle.com\/index.php\/wp-json\/wp\/v2\/media?parent=2394"}],"curies":[{"name":"wp","href":"https:\/\/api.w.org\/{rel}","templated":true}]}}