{"id":842,"date":"2020-11-09T16:26:53","date_gmt":"2020-11-09T15:26:53","guid":{"rendered":"https:\/\/musicienslarochelle.wordpress.com\/?page_id=842"},"modified":"2025-06-10T08:58:34","modified_gmt":"2025-06-10T06:58:34","slug":"orchestre-bal-la-rochelle-saintes-rochefort-royan","status":"publish","type":"page","link":"https:\/\/musiciens-larochelle.com\/index.php\/orchestre-bal-la-rochelle-saintes-rochefort-royan\/","title":{"rendered":"Soir\u00e9es Dansantes"},"content":{"rendered":"\n<div class=\"wp-block-cover alignfull is-light is-repeated is-position-center-center animated slideInUp slow\"><div class=\"wp-block-cover__image-background wp-image-2354 is-repeated\" style=\"background-position:50% 50%;background-image:url(https:\/\/musiciens-larochelle.com\/wp-content\/uploads\/2021\/01\/bandeau-TR.jpg)\"><\/div><span aria-hidden=\"true\" class=\"wp-block-cover__background has-background-dim-0 has-background-dim has-background-gradient has-vivid-cyan-blue-to-vivid-purple-gradient-background\"><\/span><div class=\"wp-block-cover__inner-container is-layout-flow wp-block-cover-is-layout-flow\">\n<p class=\"has-text-align-center has-large-font-size\"><\/p>\n<\/div><\/div>\n\n\n\n<p class=\"has-text-align-center\"><strong>SOIREES DANSANTES    SOIREES PRIVEES    COCKTAILS JAZZ<br>DINERS DANSANTS    SOIREES A THEMES    SPECTACLES DE PLEIN-AIR<\/strong><\/p>\n\n\n\n<p class=\"has-text-align-center\"><strong><span style=\"color:#c8133e;\" class=\"has-inline-color\">TAPIS ROUGE<\/span><\/strong><br>Une formation modulable de 5 \u00e0 12 \u00e9l\u00e9ments<\/p>\n\n\n\n<div class=\"wp-block-group alignfull has-background-color has-foreground-background-color has-text-color has-background\"><div class=\"wp-block-group__inner-container is-layout-flow wp-block-group-is-layout-flow\">\n<p class=\"has-text-align-justify animated fadeIn delay-100ms slow has-background-color has-text-color\"><strong>Forts de leurs exp\u00e9riences dans diff\u00e9rentes formations telles que Gil Saint Laurent, Peter Alan, Jos\u00e9 Cando, Philippe Cardot, J\u00e9r\u00f4me Richard, Calypso<\/strong><br><strong>les musiciens de l&rsquo;orchestre Tapis Rouge ont alli\u00e9 leurs comp\u00e9tences afin de vous offrir le meilleur de la musique.<\/strong><\/p>\n<\/div><\/div>\n\n\n\n<div style=\"height:30px\" aria-hidden=\"true\" class=\"wp-block-spacer\"><\/div>\n\n\n\n<figure class=\"wp-block-video alignfull animated fadeIn slow\" id=\"video\"><video controls poster=\"https:\/\/musiciens-larochelle.com\/wp-content\/uploads\/2021\/01\/encan-creditmutuel-2018-3-1-scaled-1.jpg\" src=\"https:\/\/musiciens-larochelle.com\/videos\/tr-2020-4.MP4\"><\/video><\/figure>\n\n\n\n<div style=\"height:30px\" aria-hidden=\"true\" class=\"wp-block-spacer\"><\/div>\n\n\n\n<div class=\"wp-block-group alignfull has-background\" style=\"background-color:#f2f2f2\"><div class=\"wp-block-group__inner-container is-layout-flow wp-block-group-is-layout-flow\"><style>.kb-gallery-id-842_5ae20e-ee .kadence-blocks-gallery-item .kb-gal-image-radius, .kb-gallery-id-842_5ae20e-ee .kb-slide-item .kb-gal-image-radius img{border-radius:0px 0px 0px 0px;;}.kb-gallery-wrap-id-842_5ae20e-ee.wp-block-kadence-advancedgallery{overflow:visible;}.kb-gallery-wrap-id-842_5ae20e-ee.wp-block-kadence-advancedgallery .kt-blocks-carousel{overflow:visible;}.kb-gallery-id-842_5ae20e-ee .splide.kt-carousel-dotstyle-outlinelight .splide__pagination__page{background-color:transparent;box-shadow:inset 0 0 0 1px #fff;-webkit-transition:box-shadow 0.3s ease;-moz-transition:box-shadow 0.3s ease;transition:box-shadow 0.3s ease;}.kb-gallery-id-842_5ae20e-ee .splide.kt-carousel-dotstyle-outlinelight .splide__pagination__page.is-active{background-color:transparent;box-shadow:inset 0 0 0 8px #fff;}<\/style><div class=\"kb-gallery-wrap-id-842_5ae20e-ee alignnone wp-block-kadence-advancedgallery\"><div class=\"kb-gallery-ul kb-gallery-non-static kb-gallery-type-slider kb-gallery-id-842_5ae20e-ee kb-gallery-caption-style-bottom-hover kb-gallery-filter-none\" data-image-filter=\"none\" data-lightbox-caption=\"true\"><div class=\"kt-blocks-carousel splide kt-carousel-container-dotstyle-outlinelight kt-carousel-arrowstyle-blackonlight kt-carousel-dotstyle-outlinelight kb-slider-group-arrow kb-slider-arrow-position-center\" data-slider-anim-speed=\"300\" data-slider-scroll=\"1\" data-slider-arrows=\"true\" data-slider-fade=\"true\" data-slider-dots=\"true\" data-slider-type=\"slider\" data-slider-hover-pause=\"false\" data-slider-auto=\"1\" data-slider-speed=\"2000\" data-show-pause-button=\"false\"><div class=\"splide__track\"><ul class=\"kt-blocks-carousel-init kb-blocks-slider splide__list\"><li class=\"kb-slide-item kb-gallery-slide-item splide__slide\"><div class=\"kadence-blocks-gallery-item\"><div class=\"kadence-blocks-gallery-item-inner\"><figure class=\"kb-gallery-figure kadence-blocks-gallery-item-hide-caption\"><div class=\"kb-gal-image-radius\"><div class=\"kb-gallery-image-contain kadence-blocks-gallery-intrinsic kb-gallery-image-ratio-land32 kb-has-image-ratio-land32\" ><img loading=\"lazy\" decoding=\"async\" src=\"https:\/\/musiciens-larochelle.com\/wp-content\/uploads\/2021\/01\/39181492_1964313973626321_6123033156749623296_o-1-1024x683.jpg\" width=\"750\" height=\"500\" alt=\"groupe musique bal\" data-full-image=\"https:\/\/musiciens-larochelle.com\/wp-content\/uploads\/2021\/01\/39181492_1964313973626321_6123033156749623296_o-1.jpg\" data-light-image=\"https:\/\/musiciens-larochelle.com\/wp-content\/uploads\/2021\/01\/39181492_1964313973626321_6123033156749623296_o-1.jpg\" data-id=\"2361\" class=\"wp-image-2361 skip-lazy\" srcset=\"https:\/\/musiciens-larochelle.com\/wp-content\/uploads\/2021\/01\/39181492_1964313973626321_6123033156749623296_o-1-1024x683.jpg 1024w, https:\/\/musiciens-larochelle.com\/wp-content\/uploads\/2021\/01\/39181492_1964313973626321_6123033156749623296_o-1-300x200.jpg 300w, https:\/\/musiciens-larochelle.com\/wp-content\/uploads\/2021\/01\/39181492_1964313973626321_6123033156749623296_o-1-768x512.jpg 768w, https:\/\/musiciens-larochelle.com\/wp-content\/uploads\/2021\/01\/39181492_1964313973626321_6123033156749623296_o-1-1536x1024.jpg 1536w, https:\/\/musiciens-larochelle.com\/wp-content\/uploads\/2021\/01\/39181492_1964313973626321_6123033156749623296_o-1-1568x1045.jpg 1568w, https:\/\/musiciens-larochelle.com\/wp-content\/uploads\/2021\/01\/39181492_1964313973626321_6123033156749623296_o-1.jpg 2048w\" sizes=\"auto, (max-width: 750px) 100vw, 750px\" \/><\/div><\/div><\/figure><\/div><\/div><\/li><li class=\"kb-slide-item kb-gallery-slide-item splide__slide\"><div class=\"kadence-blocks-gallery-item\"><div class=\"kadence-blocks-gallery-item-inner\"><figure class=\"kb-gallery-figure kadence-blocks-gallery-item-hide-caption\"><div class=\"kb-gal-image-radius\"><div class=\"kb-gallery-image-contain kadence-blocks-gallery-intrinsic kb-gallery-image-ratio-land32 kb-has-image-ratio-land32\" ><img loading=\"lazy\" decoding=\"async\" src=\"https:\/\/musiciens-larochelle.com\/wp-content\/uploads\/2021\/01\/39223167_1964308466960205_4496519266408857600_o-1-1024x683.jpg\" width=\"750\" height=\"500\" alt=\"orchestre bal cognac\" data-full-image=\"https:\/\/musiciens-larochelle.com\/wp-content\/uploads\/2021\/01\/39223167_1964308466960205_4496519266408857600_o-1.jpg\" data-light-image=\"https:\/\/musiciens-larochelle.com\/wp-content\/uploads\/2021\/01\/39223167_1964308466960205_4496519266408857600_o-1.jpg\" data-id=\"2364\" class=\"wp-image-2364 skip-lazy\" srcset=\"https:\/\/musiciens-larochelle.com\/wp-content\/uploads\/2021\/01\/39223167_1964308466960205_4496519266408857600_o-1-1024x683.jpg 1024w, https:\/\/musiciens-larochelle.com\/wp-content\/uploads\/2021\/01\/39223167_1964308466960205_4496519266408857600_o-1-300x200.jpg 300w, https:\/\/musiciens-larochelle.com\/wp-content\/uploads\/2021\/01\/39223167_1964308466960205_4496519266408857600_o-1-768x512.jpg 768w, https:\/\/musiciens-larochelle.com\/wp-content\/uploads\/2021\/01\/39223167_1964308466960205_4496519266408857600_o-1-1536x1024.jpg 1536w, https:\/\/musiciens-larochelle.com\/wp-content\/uploads\/2021\/01\/39223167_1964308466960205_4496519266408857600_o-1-1568x1046.jpg 1568w, https:\/\/musiciens-larochelle.com\/wp-content\/uploads\/2021\/01\/39223167_1964308466960205_4496519266408857600_o-1.jpg 1726w\" sizes=\"auto, (max-width: 750px) 100vw, 750px\" \/><\/div><\/div><\/figure><\/div><\/div><\/li><li class=\"kb-slide-item kb-gallery-slide-item splide__slide\"><div class=\"kadence-blocks-gallery-item\"><div class=\"kadence-blocks-gallery-item-inner\"><figure class=\"kb-gallery-figure kadence-blocks-gallery-item-hide-caption\"><div class=\"kb-gal-image-radius\"><div class=\"kb-gallery-image-contain kadence-blocks-gallery-intrinsic kb-gallery-image-ratio-land32 kb-has-image-ratio-land32\" ><img loading=\"lazy\" decoding=\"async\" src=\"https:\/\/musiciens-larochelle.com\/wp-content\/uploads\/2021\/01\/39149909_1964309076960144_705308328074412032_o-1-1024x683.jpg\" width=\"750\" height=\"500\" alt=\"groupe musiciens bal la rochelle\" data-full-image=\"https:\/\/musiciens-larochelle.com\/wp-content\/uploads\/2021\/01\/39149909_1964309076960144_705308328074412032_o-1.jpg\" data-light-image=\"https:\/\/musiciens-larochelle.com\/wp-content\/uploads\/2021\/01\/39149909_1964309076960144_705308328074412032_o-1.jpg\" data-id=\"2360\" class=\"wp-image-2360 skip-lazy\" srcset=\"https:\/\/musiciens-larochelle.com\/wp-content\/uploads\/2021\/01\/39149909_1964309076960144_705308328074412032_o-1-1024x683.jpg 1024w, https:\/\/musiciens-larochelle.com\/wp-content\/uploads\/2021\/01\/39149909_1964309076960144_705308328074412032_o-1-300x200.jpg 300w, https:\/\/musiciens-larochelle.com\/wp-content\/uploads\/2021\/01\/39149909_1964309076960144_705308328074412032_o-1-768x512.jpg 768w, https:\/\/musiciens-larochelle.com\/wp-content\/uploads\/2021\/01\/39149909_1964309076960144_705308328074412032_o-1-1536x1024.jpg 1536w, https:\/\/musiciens-larochelle.com\/wp-content\/uploads\/2021\/01\/39149909_1964309076960144_705308328074412032_o-1-1568x1045.jpg 1568w, https:\/\/musiciens-larochelle.com\/wp-content\/uploads\/2021\/01\/39149909_1964309076960144_705308328074412032_o-1.jpg 1785w\" sizes=\"auto, (max-width: 750px) 100vw, 750px\" \/><\/div><\/div><\/figure><\/div><\/div><\/li><li class=\"kb-slide-item kb-gallery-slide-item splide__slide\"><div class=\"kadence-blocks-gallery-item\"><div class=\"kadence-blocks-gallery-item-inner\"><figure class=\"kb-gallery-figure kadence-blocks-gallery-item-hide-caption\"><div class=\"kb-gal-image-radius\"><div class=\"kb-gallery-image-contain kadence-blocks-gallery-intrinsic kb-gallery-image-ratio-land32 kb-has-image-ratio-land32\" ><img loading=\"lazy\" decoding=\"async\" src=\"https:\/\/musiciens-larochelle.com\/wp-content\/uploads\/2021\/01\/orchestre-tapis-rouge-la-rochelle-1-1024x683.jpg\" width=\"750\" height=\"500\" alt=\"orchestre bal jonzac\" data-full-image=\"https:\/\/musiciens-larochelle.com\/wp-content\/uploads\/2021\/01\/orchestre-tapis-rouge-la-rochelle-1.jpg\" data-light-image=\"https:\/\/musiciens-larochelle.com\/wp-content\/uploads\/2021\/01\/orchestre-tapis-rouge-la-rochelle-1.jpg\" data-id=\"2371\" class=\"wp-image-2371 skip-lazy\" srcset=\"https:\/\/musiciens-larochelle.com\/wp-content\/uploads\/2021\/01\/orchestre-tapis-rouge-la-rochelle-1-1024x683.jpg 1024w, https:\/\/musiciens-larochelle.com\/wp-content\/uploads\/2021\/01\/orchestre-tapis-rouge-la-rochelle-1-300x200.jpg 300w, https:\/\/musiciens-larochelle.com\/wp-content\/uploads\/2021\/01\/orchestre-tapis-rouge-la-rochelle-1-768x512.jpg 768w, https:\/\/musiciens-larochelle.com\/wp-content\/uploads\/2021\/01\/orchestre-tapis-rouge-la-rochelle-1-1536x1024.jpg 1536w, https:\/\/musiciens-larochelle.com\/wp-content\/uploads\/2021\/01\/orchestre-tapis-rouge-la-rochelle-1-1568x1045.jpg 1568w, https:\/\/musiciens-larochelle.com\/wp-content\/uploads\/2021\/01\/orchestre-tapis-rouge-la-rochelle-1.jpg 2048w\" sizes=\"auto, (max-width: 750px) 100vw, 750px\" \/><\/div><\/div><\/figure><\/div><\/div><\/li><li class=\"kb-slide-item kb-gallery-slide-item splide__slide\"><div class=\"kadence-blocks-gallery-item\"><div class=\"kadence-blocks-gallery-item-inner\"><figure class=\"kb-gallery-figure kadence-blocks-gallery-item-hide-caption\"><div class=\"kb-gal-image-radius\"><div class=\"kb-gallery-image-contain kadence-blocks-gallery-intrinsic kb-gallery-image-ratio-land32 kb-has-image-ratio-land32\" ><img loading=\"lazy\" decoding=\"async\" src=\"https:\/\/musiciens-larochelle.com\/wp-content\/uploads\/2021\/01\/39210709_1964311430293242_1696355375743238144_o-1-1024x683.jpg\" width=\"750\" height=\"500\" alt=\"orchestre bal soirees dansante\" data-full-image=\"https:\/\/musiciens-larochelle.com\/wp-content\/uploads\/2021\/01\/39210709_1964311430293242_1696355375743238144_o-1.jpg\" data-light-image=\"https:\/\/musiciens-larochelle.com\/wp-content\/uploads\/2021\/01\/39210709_1964311430293242_1696355375743238144_o-1.jpg\" data-id=\"2363\" class=\"wp-image-2363 skip-lazy\" srcset=\"https:\/\/musiciens-larochelle.com\/wp-content\/uploads\/2021\/01\/39210709_1964311430293242_1696355375743238144_o-1-1024x683.jpg 1024w, https:\/\/musiciens-larochelle.com\/wp-content\/uploads\/2021\/01\/39210709_1964311430293242_1696355375743238144_o-1-300x200.jpg 300w, https:\/\/musiciens-larochelle.com\/wp-content\/uploads\/2021\/01\/39210709_1964311430293242_1696355375743238144_o-1-768x512.jpg 768w, https:\/\/musiciens-larochelle.com\/wp-content\/uploads\/2021\/01\/39210709_1964311430293242_1696355375743238144_o-1-1536x1024.jpg 1536w, https:\/\/musiciens-larochelle.com\/wp-content\/uploads\/2021\/01\/39210709_1964311430293242_1696355375743238144_o-1-1568x1045.jpg 1568w, https:\/\/musiciens-larochelle.com\/wp-content\/uploads\/2021\/01\/39210709_1964311430293242_1696355375743238144_o-1.jpg 2048w\" sizes=\"auto, (max-width: 750px) 100vw, 750px\" \/><\/div><\/div><\/figure><\/div><\/div><\/li><li class=\"kb-slide-item kb-gallery-slide-item splide__slide\"><div class=\"kadence-blocks-gallery-item\"><div class=\"kadence-blocks-gallery-item-inner\"><figure class=\"kb-gallery-figure kadence-blocks-gallery-item-hide-caption\"><div class=\"kb-gal-image-radius\"><div class=\"kb-gallery-image-contain kadence-blocks-gallery-intrinsic kb-gallery-image-ratio-land32 kb-has-image-ratio-land32\" ><img loading=\"lazy\" decoding=\"async\" src=\"https:\/\/musiciens-larochelle.com\/wp-content\/uploads\/2021\/01\/bruno-sutre-1024x683.jpg\" width=\"750\" height=\"500\" alt=\"orchestre bal charente maritime\" data-full-image=\"https:\/\/musiciens-larochelle.com\/wp-content\/uploads\/2021\/01\/bruno-sutre.jpg\" data-light-image=\"https:\/\/musiciens-larochelle.com\/wp-content\/uploads\/2021\/01\/bruno-sutre.jpg\" data-id=\"2368\" class=\"wp-image-2368 skip-lazy\" srcset=\"https:\/\/musiciens-larochelle.com\/wp-content\/uploads\/2021\/01\/bruno-sutre-1024x683.jpg 1024w, https:\/\/musiciens-larochelle.com\/wp-content\/uploads\/2021\/01\/bruno-sutre-300x200.jpg 300w, https:\/\/musiciens-larochelle.com\/wp-content\/uploads\/2021\/01\/bruno-sutre-768x512.jpg 768w, https:\/\/musiciens-larochelle.com\/wp-content\/uploads\/2021\/01\/bruno-sutre-1536x1024.jpg 1536w, https:\/\/musiciens-larochelle.com\/wp-content\/uploads\/2021\/01\/bruno-sutre-1568x1045.jpg 1568w, https:\/\/musiciens-larochelle.com\/wp-content\/uploads\/2021\/01\/bruno-sutre.jpg 1785w\" sizes=\"auto, (max-width: 750px) 100vw, 750px\" \/><\/div><\/div><\/figure><\/div><\/div><\/li><li class=\"kb-slide-item kb-gallery-slide-item splide__slide\"><div class=\"kadence-blocks-gallery-item\"><div class=\"kadence-blocks-gallery-item-inner\"><figure class=\"kb-gallery-figure kadence-blocks-gallery-item-hide-caption\"><div class=\"kb-gal-image-radius\"><div class=\"kb-gallery-image-contain kadence-blocks-gallery-intrinsic kb-gallery-image-ratio-land32 kb-has-image-ratio-land32\" ><img loading=\"lazy\" decoding=\"async\" src=\"https:\/\/musiciens-larochelle.com\/wp-content\/uploads\/2021\/01\/DSCN5986-1024x768.jpg\" width=\"750\" height=\"563\" alt=\"orchestre bal rochefort\" data-full-image=\"https:\/\/musiciens-larochelle.com\/wp-content\/uploads\/2021\/01\/DSCN5986-scaled.jpg\" data-light-image=\"https:\/\/musiciens-larochelle.com\/wp-content\/uploads\/2021\/01\/DSCN5986-scaled.jpg\" data-id=\"2369\" class=\"wp-image-2369 skip-lazy\" srcset=\"https:\/\/musiciens-larochelle.com\/wp-content\/uploads\/2021\/01\/DSCN5986-1024x768.jpg 1024w, https:\/\/musiciens-larochelle.com\/wp-content\/uploads\/2021\/01\/DSCN5986-300x225.jpg 300w, https:\/\/musiciens-larochelle.com\/wp-content\/uploads\/2021\/01\/DSCN5986-768x576.jpg 768w, https:\/\/musiciens-larochelle.com\/wp-content\/uploads\/2021\/01\/DSCN5986-1536x1152.jpg 1536w, https:\/\/musiciens-larochelle.com\/wp-content\/uploads\/2021\/01\/DSCN5986-2048x1536.jpg 2048w, https:\/\/musiciens-larochelle.com\/wp-content\/uploads\/2021\/01\/DSCN5986-1568x1176.jpg 1568w\" sizes=\"auto, (max-width: 750px) 100vw, 750px\" \/><\/div><\/div><\/figure><\/div><\/div><\/li><\/ul><\/div><\/div><\/div><\/div><\/div><\/div>\n\n\n\n<div class=\"wp-block-group alignfull has-background-color has-foreground-background-color has-text-color has-background\"><div class=\"wp-block-group__inner-container is-layout-flow wp-block-group-is-layout-flow\">\n<p class=\"has-text-align-justify animated slideInUp has-background-color has-foreground-background-color has-text-color has-background\" id=\"video\" style=\"font-size:16px\"><strong><span class=\"has-inline-color has-white-color\"><span style=\"text-decoration:underline;\">R\u00e9f\u00e9rences<\/span><\/span><\/strong><br><br> <em><span style=\"color:#a91a07;\" class=\"has-inline-color\"><strong>Casinos<\/strong> <\/span><\/em>Barri\u00e8re (Royan, Biarritz), Casinos Cogit (Lacanau, Biscarosse, Mimizan),  Casino Partouche (La Tremblade) <span style=\"color:#a10803;\" class=\"has-inline-color\"><strong><em>Villes et offices de tourisme<\/em><\/strong> <\/span>de Bordeaux, Royan, Saintes, Cognac, La Palmyre, La Rochelle, Angoul\u00eame, Carcassonne, La Baule, La Turballe, St Pierre d&rsquo;Ol\u00e9ron, Rochefort sur Mer 13 juillet 2013-2014-2015-2016, Saclay, St Jean d&rsquo;Ang\u00e9ly, 14 juillet La Flotte en r\u00e9 2011, 2012, 2013, 2014, 2015, 2016, 2017, 2018, 2019, <strong><em><span style=\"color:#a10803;\" class=\"has-inline-color\">Agences<\/span><\/em><\/strong> Obox Event Nantes, Leszaralouest, BB Variations, M\u00e9tronome, Tam Attitudes productions <strong><em><span style=\"color:#a10803;\" class=\"has-inline-color\">Soci\u00e9t\u00e9s<\/span><\/em><\/strong> SOGERMA Rochefort, Chivas Regal, Laurent Perrier, E.D.F, Carrefour, Leclerc, Legrand, M.A.C.I.F., H\u00f4tels Sofitel, Novotel, Citro\u00ebn, Peugeot, Renault, Ford, BMW, Mercedes, Audi, Volkswagen, Orphelinat de la Police, Pompiers, Fondation d&rsquo;Auteuil, Camping Cars Pilote Lion&rsquo;s Club Ile d&rsquo;Ol\u00e9ron, Rotary Club Saint-Jean d&rsquo;Ang\u00e9ly et Surg\u00e8res, Club Ol\u00e9ron d&rsquo;abord, Collectif associations Laleu-La Rochelle. <strong><em><span style=\"color:#a10803;\" class=\"has-inline-color\">Comit\u00e9s des f\u00eates<\/span><\/em><\/strong> Saint Trojan, Th\u00e9zac, Carantec, Pinsaguel, U.N.R.P.A. Saujon, Siorac-en-P\u00e9rigord, St Sulpice de Royan, La Jarrie <strong><em>Associations sportives<\/em><\/strong>: Capdenac-Gare, Saint-Mard, 31 d\u00e9cembre ASM Nieul sur mer de 2013 \u00e0 2020, Marathon de La Rochelle, APC Chatelaillon, Supporters FCNSM &#8211; ACCA Th\u00e9zac &amp; Saint-Christophe, <strong><em><span style=\"color:#a10803;\" class=\"has-inline-color\">Villages vacances et h\u00f4tels de plein air<\/span><\/em><\/strong> Palmyre Loisirs (Les Mathes), La Pin\u00e8de (Les Mathes), Mer et Soleil (Ile d&rsquo;Ol\u00e9ron), Les Charmettes (SIBLU), La R\u00e9serve, La Pignade (Groupe Haven), Relaisoleil Rencontres (Ile de R\u00e9), V\u00e9r\u00e9bleu (Ile d&rsquo;Ol\u00e9ron), V.V.F. Tonnay-Boutonne, La cl\u00e9 des champs <strong><em><span style=\"color:#a10803;\" class=\"has-inline-color\">Etranger<\/span><\/em><\/strong> Festival International du Film de Marrakech, Club de Bridge Sofitel de Djerba, Casino Es Saadi Marrakech &#8211; <strong><em><span style=\"color:#a10803;\" class=\"has-inline-color\">Centres de congr\u00e8s et soir\u00e9es priv\u00e9es<\/span><\/em><\/strong> Ch\u00e2teau de la Roche Courbon, Domaine de la Terri\u00e8re, Ch\u00e2teau Julie, Ch\u00e2teau de L&rsquo; Yeuse, Ch\u00e2teau de la Gataudi\u00e8re, Espace Encan La Rochelle &#8211; CNCO SAINT TROJAN de 2010 \u00e0 2020<\/p>\n\n\n\n<div style=\"height:28px\" aria-hidden=\"true\" class=\"wp-block-spacer\"><\/div>\n<\/div><\/div>\n\n\n\n<div style=\"height:20px\" aria-hidden=\"true\" class=\"wp-block-spacer\"><\/div>\n\n\n\n<div class=\"wp-block-group alignfull animated zoomIn delay-200ms has-background-color has-foreground-background-color has-text-color has-background\"><div class=\"wp-block-group__inner-container is-layout-flow wp-block-group-is-layout-flow\">\n<p class=\"has-text-align-center has-background-color has-foreground-background-color has-text-color has-background\" style=\"font-size:22px\">ORCHESTRE TAPIS ROUGE LA ROCHELLE<br><br><\/p>\n<\/div><\/div>\n\n\n\n<p class=\"has-text-align-justify\" style=\"font-size:15px\"><mark style=\"background-color:rgba(0, 0, 0, 0);color:#d10407;\" class=\"has-inline-color\"><strong>Cr\u00e9dits musiciens<\/strong> <\/mark>: Ronnie Caryl,   Gil Saint Laurent,   Jean Guidoni,  Jean Marc Desbois,   Peter Alan, Com\u00e9dies musicales Les ann\u00e9es tubes et Laisse nous t&rsquo;aimer,   Mister J,  J\u00e9rome Richard,   Francis Guillon,  Alain Claener,   Groove on the top,   Alice Dona,   Richard Bertin,   Jos\u00e9 Cando,   Chorale Song,  Eric Bouvelle,   Calypso,   Ecolosong Project,  Groove on the Rock<br><\/p>\n\n\n\n<div class=\"wp-block-buttons is-content-justification-center is-layout-flex wp-container-core-buttons-is-layout-a89b3969 wp-block-buttons-is-layout-flex\">\n<div class=\"wp-block-button\" id=\"bottom\"><a class=\"wp-block-button__link wp-element-button\" href=\"#top\">Menu<\/a><\/div>\n\n\n\n<div class=\"wp-block-button\" id=\"bottom\"><a class=\"wp-block-button__link wp-element-button\" href=\"#video\">Vid\u00e9o<\/a><\/div>\n<\/div>\n\n\n\n<p><\/p>\n\n\n\n<div class=\"wp-block-group alignfull\"><div class=\"wp-block-group__inner-container is-layout-flow wp-block-group-is-layout-flow\"><\/div><\/div>\n","protected":false},"excerpt":{"rendered":"<p>SOIREES DANSANTES SOIREES PRIVEES COCKTAILS JAZZDINERS DANSANTS SOIREES A THEMES SPECTACLES DE PLEIN-AIR TAPIS ROUGEUne formation modulable de 5 \u00e0 12 \u00e9l\u00e9ments Forts de leurs exp\u00e9riences dans diff\u00e9rentes formations telles que Gil Saint Laurent, Peter Alan, Jos\u00e9 Cando, Philippe Cardot, J\u00e9r\u00f4me Richard, Calypsoles musiciens de l&rsquo;orchestre Tapis Rouge ont alli\u00e9 leurs comp\u00e9tences afin de vous<a class=\"more-link\" href=\"https:\/\/musiciens-larochelle.com\/index.php\/orchestre-bal-la-rochelle-saintes-rochefort-royan\/\">Lire la suite <span class=\"screen-reader-text\">\u00ab\u00a0Soir\u00e9es Dansantes\u00a0\u00bb<\/span><\/a><\/p>\n","protected":false},"author":1,"featured_media":0,"parent":0,"menu_order":0,"comment_status":"closed","ping_status":"closed","template":"","meta":{"footnotes":""},"class_list":["post-842","page","type-page","status-publish","hentry","entry"],"_links":{"self":[{"href":"https:\/\/musiciens-larochelle.com\/index.php\/wp-json\/wp\/v2\/pages\/842","targetHints":{"allow":["GET"]}}],"collection":[{"href":"https:\/\/musiciens-larochelle.com\/index.php\/wp-json\/wp\/v2\/pages"}],"about":[{"href":"https:\/\/musiciens-larochelle.com\/index.php\/wp-json\/wp\/v2\/types\/page"}],"author":[{"embeddable":true,"href":"https:\/\/musiciens-larochelle.com\/index.php\/wp-json\/wp\/v2\/users\/1"}],"replies":[{"embeddable":true,"href":"https:\/\/musiciens-larochelle.com\/index.php\/wp-json\/wp\/v2\/comments?post=842"}],"version-history":[{"count":1,"href":"https:\/\/musiciens-larochelle.com\/index.php\/wp-json\/wp\/v2\/pages\/842\/revisions"}],"predecessor-version":[{"id":13213,"href":"https:\/\/musiciens-larochelle.com\/index.php\/wp-json\/wp\/v2\/pages\/842\/revisions\/13213"}],"wp:attachment":[{"href":"https:\/\/musiciens-larochelle.com\/index.php\/wp-json\/wp\/v2\/media?parent=842"}],"curies":[{"name":"wp","href":"https:\/\/api.w.org\/{rel}","templated":true}]}}